{"id":913,"date":"2024-09-29T21:45:40","date_gmt":"2024-09-29T19:45:40","guid":{"rendered":"https:\/\/balcobovillas.com\/?page_id=913"},"modified":"2025-01-02T14:10:12","modified_gmt":"2025-01-02T13:10:12","slug":"cabanas-en-arteixo","status":"publish","type":"page","link":"https:\/\/balcobovillas.com\/en\/cabanas-en-arteixo\/","title":{"rendered":"Caba\u00f1as en Arteixo"},"content":{"rendered":"\t\t<div data-elementor-type=\"wp-page\" data-elementor-id=\"913\" class=\"elementor elementor-913\" data-elementor-post-type=\"page\">\n\t\t\t\t<div class=\"elementor-element elementor-element-40f6892 e-flex e-con-boxed e-con e-parent\" data-id=\"40f6892\" data-element_type=\"container\" data-e-type=\"container\" data-settings=\"{&quot;background_background&quot;:&quot;classic&quot;}\">\n\t\t\t\t\t<div class=\"e-con-inner\">\n\t\t<div class=\"elementor-element elementor-element-3420b9e e-con-full e-flex e-con e-child\" data-id=\"3420b9e\" data-element_type=\"container\" data-e-type=\"container\">\n\t\t\t\t<div class=\"elementor-element elementor-element-2e75db9 animated-slow elementor-invisible elementor-widget elementor-widget-heading\" data-id=\"2e75db9\" data-element_type=\"widget\" data-e-type=\"widget\" data-settings=\"{&quot;_animation&quot;:&quot;fadeIn&quot;}\" data-widget_type=\"heading.default\">\n\t\t\t\t<div class=\"elementor-widget-container\">\n\t\t\t\t\t<h1 class=\"elementor-heading-title elementor-size-default\">Cabins in A Coru\u00f1a<\/h1>\t\t\t\t<\/div>\n\t\t\t\t<\/div>\n\t\t\t\t<div class=\"elementor-element elementor-element-35437ce elementor-icon-list--layout-inline elementor-align-center elementor-mobile-align-start elementor-list-item-link-full_width elementor-widget elementor-widget-icon-list\" data-id=\"35437ce\" data-element_type=\"widget\" data-e-type=\"widget\" data-widget_type=\"icon-list.default\">\n\t\t\t\t<div class=\"elementor-widget-container\">\n\t\t\t\t\t\t\t<ul class=\"elementor-icon-list-items elementor-inline-items\">\n\t\t\t\t\t\t\t<li class=\"elementor-icon-list-item elementor-inline-item\">\n\t\t\t\t\t\t\t\t\t\t\t<span class=\"elementor-icon-list-icon\">\n\t\t\t\t\t\t\t<i aria-hidden=\"true\" class=\"fas fa-gift\"><\/i>\t\t\t\t\t\t<\/span>\n\t\t\t\t\t\t\t\t\t\t<span class=\"elementor-icon-list-text\">GIFT BALCOBO<\/span>\n\t\t\t\t\t\t\t\t\t<\/li>\n\t\t\t\t\t\t\t\t<li class=\"elementor-icon-list-item elementor-inline-item\">\n\t\t\t\t\t\t\t\t\t\t\t<span class=\"elementor-icon-list-icon\">\n\t\t\t\t\t\t\t<i aria-hidden=\"true\" class=\"fas fa-landmark\"><\/i>\t\t\t\t\t\t<\/span>\n\t\t\t\t\t\t\t\t\t\t<span class=\"elementor-icon-list-text\">PROMOTIONAL CODE<\/span>\n\t\t\t\t\t\t\t\t\t<\/li>\n\t\t\t\t\t\t\t\t<li class=\"elementor-icon-list-item elementor-inline-item\">\n\t\t\t\t\t\t\t\t\t\t\t<span class=\"elementor-icon-list-icon\">\n\t\t\t\t\t\t\t<i aria-hidden=\"true\" class=\"fas fa-euro-sign\"><\/i>\t\t\t\t\t\t<\/span>\n\t\t\t\t\t\t\t\t\t\t<span class=\"elementor-icon-list-text\">LONG STAY DISCOUNTS<\/span>\n\t\t\t\t\t\t\t\t\t<\/li>\n\t\t\t\t\t\t<\/ul>\n\t\t\t\t\t\t<\/div>\n\t\t\t\t<\/div>\n\t\t\t\t<\/div>\n\t\t\t\t<div class=\"elementor-element elementor-element-4161a53 elementor-widget__width-inherit elementor-widget elementor-widget-shortcode\" data-id=\"4161a53\" data-element_type=\"widget\" data-e-type=\"widget\" data-widget_type=\"shortcode.default\">\n\t\t\t\t<div class=\"elementor-widget-container\">\n\t\t\t\t\t\t\t<div class=\"elementor-shortcode\">[av_calendar id=1]<\/div>\n\t\t\t\t\t\t<\/div>\n\t\t\t\t<\/div>\n\t\t\t\t\t<\/div>\n\t\t\t\t<\/div>\n\t\t<div class=\"elementor-element elementor-element-6066128 e-flex e-con-boxed e-con e-parent\" data-id=\"6066128\" data-element_type=\"container\" data-e-type=\"container\" data-settings=\"{&quot;background_background&quot;:&quot;classic&quot;}\">\n\t\t\t\t\t<div class=\"e-con-inner\">\n\t\t<div class=\"elementor-element elementor-element-92ab6f0 e-con-full e-flex e-con e-child\" data-id=\"92ab6f0\" data-element_type=\"container\" data-e-type=\"container\">\n\t\t\t\t<div class=\"elementor-element elementor-element-b2bf4e6 elementor-widget elementor-widget-heading\" data-id=\"b2bf4e6\" data-element_type=\"widget\" data-e-type=\"widget\" data-widget_type=\"heading.default\">\n\t\t\t\t<div class=\"elementor-widget-container\">\n\t\t\t\t\t<h2 class=\"elementor-heading-title elementor-size-default\">Our accommodation<\/h2>\t\t\t\t<\/div>\n\t\t\t\t<\/div>\n\t\t\t\t<div class=\"elementor-element elementor-element-ead7e76 elementor-widget elementor-widget-text-editor\" data-id=\"ead7e76\" data-element_type=\"widget\" data-e-type=\"widget\" data-widget_type=\"text-editor.default\">\n\t\t\t\t<div class=\"elementor-widget-container\">\n\t\t\t\t\t\t\t\t\t<p>Each space has a large private terrace, fully furnished, ideal for enjoying the fresh air and peace and quiet. In addition, you will have high-speed wifi connection, a fully equipped kitchen with modern appliances, crockery, sofa bed, Smart TV and state-of-the-art air conditioning with aerothermal heating.<\/p><p>Our cabins, with a contemporary style, stand out for their flat roofs, natural wood panelling and large windows that open out to the sea. From your window you will be able to contemplate panoramic views and enjoy spectacular sunsets. Wake up to the sound of the ocean and feel the sea breeze as you relax on your terrace, surrounded by all the comforts you need for an unforgettable stay.<br \/><br \/><\/p><p>\u00a0<\/p>\t\t\t\t\t\t\t\t<\/div>\n\t\t\t\t<\/div>\n\t\t\t\t<\/div>\n\t\t<div class=\"elementor-element elementor-element-b4cee9e e-con-full animated-slow e-flex elementor-invisible e-con e-child\" data-id=\"b4cee9e\" data-element_type=\"container\" data-e-type=\"container\" data-settings=\"{&quot;background_background&quot;:&quot;classic&quot;,&quot;animation&quot;:&quot;slideInRight&quot;,&quot;animation_delay&quot;:100}\">\n\t\t\t\t<\/div>\n\t\t\t\t\t<\/div>\n\t\t\t\t<\/div>\n\t\t<div class=\"elementor-element elementor-element-237424f e-flex e-con-boxed e-con e-parent\" data-id=\"237424f\" data-element_type=\"container\" data-e-type=\"container\">\n\t\t\t\t\t<div class=\"e-con-inner\">\n\t\t\t\t<div class=\"elementor-element elementor-element-878d852 elementor-widget elementor-widget-heading\" data-id=\"878d852\" data-element_type=\"widget\" data-e-type=\"widget\" data-widget_type=\"heading.default\">\n\t\t\t\t<div class=\"elementor-widget-container\">\n\t\t\t\t\t<h2 class=\"elementor-heading-title elementor-size-default\">Suite Cabins<\/h2>\t\t\t\t<\/div>\n\t\t\t\t<\/div>\n\t\t\t\t<div class=\"elementor-element elementor-element-0043627 elementor-widget-divider--view-line elementor-widget elementor-widget-divider\" data-id=\"0043627\" data-element_type=\"widget\" data-e-type=\"widget\" data-widget_type=\"divider.default\">\n\t\t\t\t<div class=\"elementor-widget-container\">\n\t\t\t\t\t\t\t<div class=\"elementor-divider\">\n\t\t\t<span class=\"elementor-divider-separator\">\n\t\t\t\t\t\t<\/span>\n\t\t<\/div>\n\t\t\t\t\t\t<\/div>\n\t\t\t\t<\/div>\n\t\t\t\t\t<\/div>\n\t\t\t\t<\/div>\n\t\t<div class=\"elementor-element elementor-element-1627901 e-flex e-con-boxed e-con e-parent\" data-id=\"1627901\" data-element_type=\"container\" data-e-type=\"container\" id=\"ucha\">\n\t\t\t\t\t<div class=\"e-con-inner\">\n\t\t<div class=\"elementor-element elementor-element-9e73522 e-con-full e-flex e-con e-child\" data-id=\"9e73522\" data-element_type=\"container\" data-e-type=\"container\">\n\t\t\t\t<div class=\"elementor-element elementor-element-56536c3 elementor-widget__width-initial animated-slow elementor-invisible elementor-widget elementor-widget-text-editor\" data-id=\"56536c3\" data-element_type=\"widget\" data-e-type=\"widget\" data-settings=\"{&quot;_animation&quot;:&quot;slideInUp&quot;,&quot;_animation_delay&quot;:100}\" data-widget_type=\"text-editor.default\">\n\t\t\t\t<div class=\"elementor-widget-container\">\n\t\t\t\t\t\t\t\t\t<p>U<\/p>\t\t\t\t\t\t\t\t<\/div>\n\t\t\t\t<\/div>\n\t\t\t\t<div class=\"elementor-element elementor-element-5b3c5df elementor-widget elementor-widget-text-editor\" data-id=\"5b3c5df\" data-element_type=\"widget\" data-e-type=\"widget\" data-widget_type=\"text-editor.default\">\n\t\t\t\t<div class=\"elementor-widget-container\">\n\t\t\t\t\t\t\t\t\t<p>PRAIA DA UCHA<\/p>\t\t\t\t\t\t\t\t<\/div>\n\t\t\t\t<\/div>\n\t\t\t\t<div class=\"elementor-element elementor-element-d31c84f elementor-icon-list--layout-inline elementor-laptop-align-end elementor-list-item-link-full_width elementor-widget elementor-widget-icon-list\" data-id=\"d31c84f\" data-element_type=\"widget\" data-e-type=\"widget\" data-widget_type=\"icon-list.default\">\n\t\t\t\t<div class=\"elementor-widget-container\">\n\t\t\t\t\t\t\t<ul class=\"elementor-icon-list-items elementor-inline-items\">\n\t\t\t\t\t\t\t<li class=\"elementor-icon-list-item elementor-inline-item\">\n\t\t\t\t\t\t\t\t\t\t\t<span class=\"elementor-icon-list-icon\">\n\t\t\t\t\t\t\t<i aria-hidden=\"true\" class=\"fas fa-user-alt\"><\/i>\t\t\t\t\t\t<\/span>\n\t\t\t\t\t\t\t\t\t\t<span class=\"elementor-icon-list-text\">4 pax<\/span>\n\t\t\t\t\t\t\t\t\t<\/li>\n\t\t\t\t\t\t\t\t<li class=\"elementor-icon-list-item elementor-inline-item\">\n\t\t\t\t\t\t\t\t\t\t\t<span class=\"elementor-icon-list-icon\">\n\t\t\t\t\t\t\t<svg xmlns=\"http:\/\/www.w3.org\/2000\/svg\" viewBox=\"0 0 625 500\"><g id=\"Capa_2\" data-name=\"Capa 2\"><g id=\"Capa_1-2\" data-name=\"Capa 1\"><path d=\"M62.5,0A37.58,37.58,0,0,0,25,37.5V210.16c16.21-14.07,36.72-25.44,62.5-34.38V125c0-33.25,56.79-37.5,106.25-37.5S300,91.75,300,125v25c4.2-.05,8.2,0,12.5,0s8.3-.05,12.5,0V125c0-33.25,56.79-37.5,106.25-37.5S537.5,91.75,537.5,125v50.39c25.73,8.89,46.14,20.51,62.5,34.77V37.5A37.58,37.58,0,0,0,562.5,0Zm250,175C73.83,175-.19,219.14,0,337.5H625C625.2,218.36,551.17,175,312.5,175ZM0,362.5V487.26A12.74,12.74,0,0,0,12.74,500h62A12.74,12.74,0,0,0,87.5,487.26V450a25,25,0,0,1,25-25h400a25,25,0,0,1,25,25v37.26A12.74,12.74,0,0,0,550.24,500h62A12.74,12.74,0,0,0,625,487.26V362.5Z\"><\/path><\/g><\/g><\/svg>\t\t\t\t\t\t<\/span>\n\t\t\t\t\t\t\t\t\t\t<span class=\"elementor-icon-list-text\">1 double bed<\/span>\n\t\t\t\t\t\t\t\t\t<\/li>\n\t\t\t\t\t\t\t\t<li class=\"elementor-icon-list-item elementor-inline-item\">\n\t\t\t\t\t\t\t\t\t\t\t<span class=\"elementor-icon-list-icon\">\n\t\t\t\t\t\t\t<i aria-hidden=\"true\" class=\"fas fa-couch\"><\/i>\t\t\t\t\t\t<\/span>\n\t\t\t\t\t\t\t\t\t\t<span class=\"elementor-icon-list-text\">1 Sofa bed<\/span>\n\t\t\t\t\t\t\t\t\t<\/li>\n\t\t\t\t\t\t\t\t<li class=\"elementor-icon-list-item elementor-inline-item\">\n\t\t\t\t\t\t\t\t\t\t\t<span class=\"elementor-icon-list-icon\">\n\t\t\t\t\t\t\t<svg xmlns=\"http:\/\/www.w3.org\/2000\/svg\" viewBox=\"0 0 356.62 500\"><g id=\"Capa_2\" data-name=\"Capa 2\"><g id=\"Capa_1-2\" data-name=\"Capa 1\"><path d=\"M0,500H227.94V437.5c58.83-7.35,128.68-99.26,128.68-158.08H0Z\"><\/path><path d=\"M16.74,0h91.52A16.74,16.74,0,0,1,125,16.74V261H0V16.74A16.75,16.75,0,0,1,16.74,0Z\"><\/path><path d=\"M332.46,216.91H145.83V261H356.62v-20A24.16,24.16,0,0,0,332.46,216.91Z\"><\/path><\/g><\/g><\/svg>\t\t\t\t\t\t<\/span>\n\t\t\t\t\t\t\t\t\t\t<span class=\"elementor-icon-list-text\">1 Bath<\/span>\n\t\t\t\t\t\t\t\t\t<\/li>\n\t\t\t\t\t\t<\/ul>\n\t\t\t\t\t\t<\/div>\n\t\t\t\t<\/div>\n\t\t\t\t<div class=\"elementor-element elementor-element-3e87a5b elementor-widget__width-initial elementor-widget elementor-widget-text-editor\" data-id=\"3e87a5b\" data-element_type=\"widget\" data-e-type=\"widget\" data-widget_type=\"text-editor.default\">\n\t\t\t\t<div class=\"elementor-widget-container\">\n\t\t\t\t\t\t\t\t\t<p>This is one of our exclusive suite cabins, designed to offer an experience of luxury and comfort by the sea. Ideal for couples or small groups, this cabin combines a modern design with all the amenities necessary for an unforgettable stay.<\/p><p>Praia da Ucha is characterised by its elegance and functionality, creating the perfect space to relax and enjoy the coastal environment. With a built area of 38 m\u00b2 and a plot of 90 m\u00b2, this cottage offers an intimate and cosy retreat.<\/p><p>At Praia da Ucha, you can enjoy breathtaking sunsets and the sound of the sea from the comfort of your private terrace. It is the ideal place to disconnect from routine and immerse yourself in the natural beauty of the Atlantic coast.<\/p>\t\t\t\t\t\t\t\t<\/div>\n\t\t\t\t<\/div>\n\t\t\t\t<div class=\"elementor-element elementor-element-a649155 elementor-widget elementor-widget-button\" data-id=\"a649155\" data-element_type=\"widget\" data-e-type=\"widget\" data-widget_type=\"button.default\">\n\t\t\t\t<div class=\"elementor-widget-container\">\n\t\t\t\t\t\t\t\t\t<div class=\"elementor-button-wrapper\">\n\t\t\t\t\t<a class=\"elementor-button elementor-button-link elementor-size-sm\" href=\"https:\/\/booking.avirato.com\/?code=98925365&#038;id_habitacion=12&#038;lang=en\" target=\"_blank\">\n\t\t\t\t\t\t<span class=\"elementor-button-content-wrapper\">\n\t\t\t\t\t\t\t\t\t<span class=\"elementor-button-text\">See availability<\/span>\n\t\t\t\t\t<\/span>\n\t\t\t\t\t<\/a>\n\t\t\t\t<\/div>\n\t\t\t\t\t\t\t\t<\/div>\n\t\t\t\t<\/div>\n\t\t\t\t<\/div>\n\t\t<div class=\"elementor-element elementor-element-84f8b81 e-con-full e-flex e-con e-child\" data-id=\"84f8b81\" data-element_type=\"container\" data-e-type=\"container\" data-settings=\"{&quot;background_background&quot;:&quot;classic&quot;}\">\n\t\t\t\t<div class=\"elementor-element elementor-element-b1d7059 elementor-widget elementor-widget-image\" data-id=\"b1d7059\" data-element_type=\"widget\" data-e-type=\"widget\" data-widget_type=\"image.default\">\n\t\t\t\t<div class=\"elementor-widget-container\">\n\t\t\t\t\t\t\t\t\t\t\t\t\t\t\t<img fetchpriority=\"high\" decoding=\"async\" width=\"1200\" height=\"850\" src=\"https:\/\/balcobovillas.com\/en\/wp-content\/uploads\/sites\/2\/vista-interior-Praia_Da_Ucha-1.webp\" class=\"attachment-large size-large wp-image-521\" alt=\"vista interior Praia Da Ucha\" srcset=\"https:\/\/balcobovillas.com\/en\/wp-content\/uploads\/sites\/2\/vista-interior-Praia_Da_Ucha-1.webp 1200w, https:\/\/balcobovillas.com\/en\/wp-content\/uploads\/sites\/2\/vista-interior-Praia_Da_Ucha-1-768x544.webp 768w\" sizes=\"(max-width: 1200px) 100vw, 1200px\" \/>\t\t\t\t\t\t\t\t\t\t\t\t\t\t\t<\/div>\n\t\t\t\t<\/div>\n\t\t\t\t<div class=\"elementor-element elementor-element-1e9d120 elementor-widget elementor-widget-gallery\" data-id=\"1e9d120\" data-element_type=\"widget\" data-e-type=\"widget\" data-settings=\"{&quot;columns&quot;:6,&quot;columns_laptop&quot;:3,&quot;columns_mobile&quot;:2,&quot;lazyload&quot;:&quot;yes&quot;,&quot;gallery_layout&quot;:&quot;grid&quot;,&quot;columns_tablet&quot;:2,&quot;gap&quot;:{&quot;unit&quot;:&quot;px&quot;,&quot;size&quot;:10,&quot;sizes&quot;:[]},&quot;gap_laptop&quot;:{&quot;unit&quot;:&quot;px&quot;,&quot;size&quot;:10,&quot;sizes&quot;:[]},&quot;gap_tablet&quot;:{&quot;unit&quot;:&quot;px&quot;,&quot;size&quot;:10,&quot;sizes&quot;:[]},&quot;gap_mobile&quot;:{&quot;unit&quot;:&quot;px&quot;,&quot;size&quot;:10,&quot;sizes&quot;:[]},&quot;link_to&quot;:&quot;file&quot;,&quot;aspect_ratio&quot;:&quot;3:2&quot;,&quot;overlay_background&quot;:&quot;yes&quot;,&quot;content_hover_animation&quot;:&quot;fade-in&quot;}\" data-widget_type=\"gallery.default\">\n\t\t\t\t<div class=\"elementor-widget-container\">\n\t\t\t\t\t\t\t<div class=\"elementor-gallery__container\">\n\t\t\t\t\t\t\t<a class=\"e-gallery-item elementor-gallery-item elementor-animated-content\" href=\"https:\/\/balcobovillas.com\/en\/wp-content\/uploads\/sites\/2\/Vista-fachada-terraza-Praia_Da_Ucha-1.webp\" data-elementor-open-lightbox=\"yes\" data-elementor-lightbox-slideshow=\"1e9d120\" data-elementor-lightbox-title=\"Vista fachada terraza Caba\u00f1a Praia Da Ucha\" data-e-action-hash=\"#elementor-action%3Aaction%3Dlightbox%26settings%3DeyJpZCI6NTIwLCJ1cmwiOiJodHRwczpcL1wvYmFsY29ib3ZpbGxhcy5jb21cL2VuXC93cC1jb250ZW50XC91cGxvYWRzXC9zaXRlc1wvMlwvVmlzdGEtZmFjaGFkYS10ZXJyYXphLVByYWlhX0RhX1VjaGEtMS53ZWJwIiwic2xpZGVzaG93IjoiMWU5ZDEyMCJ9\">\n\t\t\t\t\t<div class=\"e-gallery-image elementor-gallery-item__image\" data-thumbnail=\"https:\/\/balcobovillas.com\/en\/wp-content\/uploads\/sites\/2\/Vista-fachada-terraza-Praia_Da_Ucha-1.webp\" data-width=\"1900\" data-height=\"1267\" aria-label=\"Vista fachada terraza Praia Da Ucha\" role=\"img\" ><\/div>\n\t\t\t\t\t\t\t\t\t\t\t<div class=\"elementor-gallery-item__overlay\"><\/div>\n\t\t\t\t\t\t\t\t\t\t\t\t\t\t<\/a>\n\t\t\t\t\t\t\t<a class=\"e-gallery-item elementor-gallery-item elementor-animated-content\" href=\"https:\/\/balcobovillas.com\/en\/wp-content\/uploads\/sites\/2\/vista-desde-interior-Praia_Da_Ucha-1.webp\" data-elementor-open-lightbox=\"yes\" data-elementor-lightbox-slideshow=\"1e9d120\" data-elementor-lightbox-title=\"vista desde interior Caba\u00f1a Praia Da Ucha\" data-e-action-hash=\"#elementor-action%3Aaction%3Dlightbox%26settings%3DeyJpZCI6NTE5LCJ1cmwiOiJodHRwczpcL1wvYmFsY29ib3ZpbGxhcy5jb21cL2VuXC93cC1jb250ZW50XC91cGxvYWRzXC9zaXRlc1wvMlwvdmlzdGEtZGVzZGUtaW50ZXJpb3ItUHJhaWFfRGFfVWNoYS0xLndlYnAiLCJzbGlkZXNob3ciOiIxZTlkMTIwIn0%3D\">\n\t\t\t\t\t<div class=\"e-gallery-image elementor-gallery-item__image\" data-thumbnail=\"https:\/\/balcobovillas.com\/en\/wp-content\/uploads\/sites\/2\/vista-desde-interior-Praia_Da_Ucha-1.webp\" data-width=\"1900\" data-height=\"1267\" aria-label=\"vista desde interior Praia Da Ucha\" role=\"img\" ><\/div>\n\t\t\t\t\t\t\t\t\t\t\t<div class=\"elementor-gallery-item__overlay\"><\/div>\n\t\t\t\t\t\t\t\t\t\t\t\t\t\t<\/a>\n\t\t\t\t\t\t\t<a class=\"e-gallery-item elementor-gallery-item elementor-animated-content\" href=\"https:\/\/balcobovillas.com\/en\/wp-content\/uploads\/sites\/2\/Terraza-vista-Praia_Da_Ucha-1.webp\" data-elementor-open-lightbox=\"yes\" data-elementor-lightbox-slideshow=\"1e9d120\" data-elementor-lightbox-title=\"Terraza vista Caba\u00f1a Praia Da Ucha\" data-e-action-hash=\"#elementor-action%3Aaction%3Dlightbox%26settings%3DeyJpZCI6NTE4LCJ1cmwiOiJodHRwczpcL1wvYmFsY29ib3ZpbGxhcy5jb21cL2VuXC93cC1jb250ZW50XC91cGxvYWRzXC9zaXRlc1wvMlwvVGVycmF6YS12aXN0YS1QcmFpYV9EYV9VY2hhLTEud2VicCIsInNsaWRlc2hvdyI6IjFlOWQxMjAifQ%3D%3D\">\n\t\t\t\t\t<div class=\"e-gallery-image elementor-gallery-item__image\" data-thumbnail=\"https:\/\/balcobovillas.com\/en\/wp-content\/uploads\/sites\/2\/Terraza-vista-Praia_Da_Ucha-1.webp\" data-width=\"1920\" data-height=\"1280\" aria-label=\"Terraza vista Praia Da Ucha\" role=\"img\" ><\/div>\n\t\t\t\t\t\t\t\t\t\t\t<div class=\"elementor-gallery-item__overlay\"><\/div>\n\t\t\t\t\t\t\t\t\t\t\t\t\t\t<\/a>\n\t\t\t\t\t\t\t<a class=\"e-gallery-item elementor-gallery-item elementor-animated-content\" href=\"https:\/\/balcobovillas.com\/en\/wp-content\/uploads\/sites\/2\/sofa-cama-vista-Praia_Da_Ucha-1.webp\" data-elementor-open-lightbox=\"yes\" data-elementor-lightbox-slideshow=\"1e9d120\" data-elementor-lightbox-title=\"sofa cama vista Caba\u00f1a Praia Da Ucha\" data-e-action-hash=\"#elementor-action%3Aaction%3Dlightbox%26settings%3DeyJpZCI6NTE3LCJ1cmwiOiJodHRwczpcL1wvYmFsY29ib3ZpbGxhcy5jb21cL2VuXC93cC1jb250ZW50XC91cGxvYWRzXC9zaXRlc1wvMlwvc29mYS1jYW1hLXZpc3RhLVByYWlhX0RhX1VjaGEtMS53ZWJwIiwic2xpZGVzaG93IjoiMWU5ZDEyMCJ9\">\n\t\t\t\t\t<div class=\"e-gallery-image elementor-gallery-item__image\" data-thumbnail=\"https:\/\/balcobovillas.com\/en\/wp-content\/uploads\/sites\/2\/sofa-cama-vista-Praia_Da_Ucha-1.webp\" data-width=\"1900\" data-height=\"1267\" aria-label=\"sofa cama vista Praia Da Ucha\" role=\"img\" ><\/div>\n\t\t\t\t\t\t\t\t\t\t\t<div class=\"elementor-gallery-item__overlay\"><\/div>\n\t\t\t\t\t\t\t\t\t\t\t\t\t\t<\/a>\n\t\t\t\t\t\t\t<a class=\"e-gallery-item elementor-gallery-item elementor-animated-content\" href=\"https:\/\/balcobovillas.com\/en\/wp-content\/uploads\/sites\/2\/habitacion-vista-Praia_Da_Ucha-1.webp\" data-elementor-open-lightbox=\"yes\" data-elementor-lightbox-slideshow=\"1e9d120\" data-elementor-lightbox-title=\"Habitaci\u00f3n vista Caba\u00f1a Praia Da Ucha\" data-e-action-hash=\"#elementor-action%3Aaction%3Dlightbox%26settings%3DeyJpZCI6NTE0LCJ1cmwiOiJodHRwczpcL1wvYmFsY29ib3ZpbGxhcy5jb21cL2VuXC93cC1jb250ZW50XC91cGxvYWRzXC9zaXRlc1wvMlwvaGFiaXRhY2lvbi12aXN0YS1QcmFpYV9EYV9VY2hhLTEud2VicCIsInNsaWRlc2hvdyI6IjFlOWQxMjAifQ%3D%3D\">\n\t\t\t\t\t<div class=\"e-gallery-image elementor-gallery-item__image\" data-thumbnail=\"https:\/\/balcobovillas.com\/en\/wp-content\/uploads\/sites\/2\/habitacion-vista-Praia_Da_Ucha-1.webp\" data-width=\"1200\" data-height=\"800\" aria-label=\"habitacion vista Praia Da Ucha\" role=\"img\" ><\/div>\n\t\t\t\t\t\t\t\t\t\t\t<div class=\"elementor-gallery-item__overlay\"><\/div>\n\t\t\t\t\t\t\t\t\t\t\t\t\t\t<\/a>\n\t\t\t\t\t\t\t<a class=\"e-gallery-item elementor-gallery-item elementor-animated-content\" href=\"https:\/\/balcobovillas.com\/en\/wp-content\/uploads\/sites\/2\/cocina-vista-Praia_Da_Ucha-1.webp\" data-elementor-open-lightbox=\"yes\" data-elementor-lightbox-slideshow=\"1e9d120\" data-elementor-lightbox-title=\"Cocina Caba\u00f1a  Praia Da Ucha\" data-e-action-hash=\"#elementor-action%3Aaction%3Dlightbox%26settings%3DeyJpZCI6NTEzLCJ1cmwiOiJodHRwczpcL1wvYmFsY29ib3ZpbGxhcy5jb21cL2VuXC93cC1jb250ZW50XC91cGxvYWRzXC9zaXRlc1wvMlwvY29jaW5hLXZpc3RhLVByYWlhX0RhX1VjaGEtMS53ZWJwIiwic2xpZGVzaG93IjoiMWU5ZDEyMCJ9\">\n\t\t\t\t\t<div class=\"e-gallery-image elementor-gallery-item__image\" data-thumbnail=\"https:\/\/balcobovillas.com\/en\/wp-content\/uploads\/sites\/2\/cocina-vista-Praia_Da_Ucha-1.webp\" data-width=\"1200\" data-height=\"800\" aria-label=\"cocina vista Praia Da Ucha\" role=\"img\" ><\/div>\n\t\t\t\t\t\t\t\t\t\t\t<div class=\"elementor-gallery-item__overlay\"><\/div>\n\t\t\t\t\t\t\t\t\t\t\t\t\t\t<\/a>\n\t\t\t\t\t<\/div>\n\t\t\t\t\t<\/div>\n\t\t\t\t<\/div>\n\t\t\t\t<\/div>\n\t\t\t\t\t<\/div>\n\t\t\t\t<\/div>\n\t\t<div class=\"elementor-element elementor-element-c653d28 e-flex e-con-boxed e-con e-parent\" data-id=\"c653d28\" data-element_type=\"container\" data-e-type=\"container\" id=\"vaca\">\n\t\t\t\t\t<div class=\"e-con-inner\">\n\t\t<div class=\"elementor-element elementor-element-d0db635 e-con-full e-flex e-con e-child\" data-id=\"d0db635\" data-element_type=\"container\" data-e-type=\"container\" data-settings=\"{&quot;background_background&quot;:&quot;classic&quot;}\">\n\t\t\t\t<div class=\"elementor-element elementor-element-bbf89e3 elementor-widget elementor-widget-image\" data-id=\"bbf89e3\" data-element_type=\"widget\" data-e-type=\"widget\" data-widget_type=\"image.default\">\n\t\t\t\t<div class=\"elementor-widget-container\">\n\t\t\t\t\t\t\t\t\t\t\t\t\t\t\t<img decoding=\"async\" width=\"1200\" height=\"800\" src=\"https:\/\/balcobovillas.com\/en\/wp-content\/uploads\/sites\/2\/Praia_da_vaca_sala-cocina.webp\" class=\"attachment-large size-large wp-image-568\" alt=\"Praia da vaca sala cocina\" srcset=\"https:\/\/balcobovillas.com\/en\/wp-content\/uploads\/sites\/2\/Praia_da_vaca_sala-cocina.webp 1200w, https:\/\/balcobovillas.com\/en\/wp-content\/uploads\/sites\/2\/Praia_da_vaca_sala-cocina-768x512.webp 768w\" sizes=\"(max-width: 1200px) 100vw, 1200px\" \/>\t\t\t\t\t\t\t\t\t\t\t\t\t\t\t<\/div>\n\t\t\t\t<\/div>\n\t\t\t\t<div class=\"elementor-element elementor-element-8205f1d elementor-widget elementor-widget-gallery\" data-id=\"8205f1d\" data-element_type=\"widget\" data-e-type=\"widget\" data-settings=\"{&quot;columns_mobile&quot;:2,&quot;lazyload&quot;:&quot;yes&quot;,&quot;gallery_layout&quot;:&quot;grid&quot;,&quot;columns&quot;:4,&quot;columns_tablet&quot;:2,&quot;gap&quot;:{&quot;unit&quot;:&quot;px&quot;,&quot;size&quot;:10,&quot;sizes&quot;:[]},&quot;gap_laptop&quot;:{&quot;unit&quot;:&quot;px&quot;,&quot;size&quot;:10,&quot;sizes&quot;:[]},&quot;gap_tablet&quot;:{&quot;unit&quot;:&quot;px&quot;,&quot;size&quot;:10,&quot;sizes&quot;:[]},&quot;gap_mobile&quot;:{&quot;unit&quot;:&quot;px&quot;,&quot;size&quot;:10,&quot;sizes&quot;:[]},&quot;link_to&quot;:&quot;file&quot;,&quot;aspect_ratio&quot;:&quot;3:2&quot;,&quot;overlay_background&quot;:&quot;yes&quot;,&quot;content_hover_animation&quot;:&quot;fade-in&quot;}\" data-widget_type=\"gallery.default\">\n\t\t\t\t<div class=\"elementor-widget-container\">\n\t\t\t\t\t\t\t<div class=\"elementor-gallery__container\">\n\t\t\t\t\t\t\t<a class=\"e-gallery-item elementor-gallery-item elementor-animated-content\" href=\"https:\/\/balcobovillas.com\/en\/wp-content\/uploads\/sites\/2\/Praia_da_vaca_comedor.webp\" data-elementor-open-lightbox=\"yes\" data-elementor-lightbox-slideshow=\"8205f1d\" data-elementor-lightbox-title=\"Caba\u00f1a Praia da Vaca comedor\" data-e-action-hash=\"#elementor-action%3Aaction%3Dlightbox%26settings%3DeyJpZCI6NTc1LCJ1cmwiOiJodHRwczpcL1wvYmFsY29ib3ZpbGxhcy5jb21cL2VuXC93cC1jb250ZW50XC91cGxvYWRzXC9zaXRlc1wvMlwvUHJhaWFfZGFfdmFjYV9jb21lZG9yLndlYnAiLCJzbGlkZXNob3ciOiI4MjA1ZjFkIn0%3D\">\n\t\t\t\t\t<div class=\"e-gallery-image elementor-gallery-item__image\" data-thumbnail=\"https:\/\/balcobovillas.com\/en\/wp-content\/uploads\/sites\/2\/Praia_da_vaca_comedor.webp\" data-width=\"1200\" data-height=\"800\" aria-label=\"Praia da vaca comedor\" role=\"img\" ><\/div>\n\t\t\t\t\t\t\t\t\t\t\t<div class=\"elementor-gallery-item__overlay\"><\/div>\n\t\t\t\t\t\t\t\t\t\t\t\t\t\t<\/a>\n\t\t\t\t\t\t\t<a class=\"e-gallery-item elementor-gallery-item elementor-animated-content\" href=\"https:\/\/balcobovillas.com\/en\/wp-content\/uploads\/sites\/2\/Praia_da_vaca_estudio.webp\" data-elementor-open-lightbox=\"yes\" data-elementor-lightbox-slideshow=\"8205f1d\" data-elementor-lightbox-title=\"Caba\u00f1a Praia da Vaca\" data-e-action-hash=\"#elementor-action%3Aaction%3Dlightbox%26settings%3DeyJpZCI6NTQ1LCJ1cmwiOiJodHRwczpcL1wvYmFsY29ib3ZpbGxhcy5jb21cL2VuXC93cC1jb250ZW50XC91cGxvYWRzXC9zaXRlc1wvMlwvUHJhaWFfZGFfdmFjYV9lc3R1ZGlvLndlYnAiLCJzbGlkZXNob3ciOiI4MjA1ZjFkIn0%3D\">\n\t\t\t\t\t<div class=\"e-gallery-image elementor-gallery-item__image\" data-thumbnail=\"https:\/\/balcobovillas.com\/en\/wp-content\/uploads\/sites\/2\/Praia_da_vaca_estudio.webp\" data-width=\"1200\" data-height=\"800\" aria-label=\"Praia da vaca estudio\" role=\"img\" ><\/div>\n\t\t\t\t\t\t\t\t\t\t\t<div class=\"elementor-gallery-item__overlay\"><\/div>\n\t\t\t\t\t\t\t\t\t\t\t\t\t\t<\/a>\n\t\t\t\t\t\t\t<a class=\"e-gallery-item elementor-gallery-item elementor-animated-content\" href=\"https:\/\/balcobovillas.com\/en\/wp-content\/uploads\/sites\/2\/Praia_da_vaca_terraza-detalle.webp\" data-elementor-open-lightbox=\"yes\" data-elementor-lightbox-slideshow=\"8205f1d\" data-elementor-lightbox-title=\"Caba\u00f1a Praia da Vaca terraza detalle\" data-e-action-hash=\"#elementor-action%3Aaction%3Dlightbox%26settings%3DeyJpZCI6NTQ3LCJ1cmwiOiJodHRwczpcL1wvYmFsY29ib3ZpbGxhcy5jb21cL2VuXC93cC1jb250ZW50XC91cGxvYWRzXC9zaXRlc1wvMlwvUHJhaWFfZGFfdmFjYV90ZXJyYXphLWRldGFsbGUud2VicCIsInNsaWRlc2hvdyI6IjgyMDVmMWQifQ%3D%3D\">\n\t\t\t\t\t<div class=\"e-gallery-image elementor-gallery-item__image\" data-thumbnail=\"https:\/\/balcobovillas.com\/en\/wp-content\/uploads\/sites\/2\/Praia_da_vaca_terraza-detalle.webp\" data-width=\"1200\" data-height=\"800\" aria-label=\"Praia da vaca terraza detalle\" role=\"img\" ><\/div>\n\t\t\t\t\t\t\t\t\t\t\t<div class=\"elementor-gallery-item__overlay\"><\/div>\n\t\t\t\t\t\t\t\t\t\t\t\t\t\t<\/a>\n\t\t\t\t\t\t\t<a class=\"e-gallery-item elementor-gallery-item elementor-animated-content\" href=\"https:\/\/balcobovillas.com\/en\/wp-content\/uploads\/sites\/2\/Praia_da_vaca_cama.webp\" data-elementor-open-lightbox=\"yes\" data-elementor-lightbox-slideshow=\"8205f1d\" data-elementor-lightbox-title=\"Caba\u00f1a Praia da Vaca\" data-e-action-hash=\"#elementor-action%3Aaction%3Dlightbox%26settings%3DeyJpZCI6NTQ0LCJ1cmwiOiJodHRwczpcL1wvYmFsY29ib3ZpbGxhcy5jb21cL2VuXC93cC1jb250ZW50XC91cGxvYWRzXC9zaXRlc1wvMlwvUHJhaWFfZGFfdmFjYV9jYW1hLndlYnAiLCJzbGlkZXNob3ciOiI4MjA1ZjFkIn0%3D\">\n\t\t\t\t\t<div class=\"e-gallery-image elementor-gallery-item__image\" data-thumbnail=\"https:\/\/balcobovillas.com\/en\/wp-content\/uploads\/sites\/2\/Praia_da_vaca_cama.webp\" data-width=\"1200\" data-height=\"800\" aria-label=\"Praia da vaca cama\" role=\"img\" ><\/div>\n\t\t\t\t\t\t\t\t\t\t\t<div class=\"elementor-gallery-item__overlay\"><\/div>\n\t\t\t\t\t\t\t\t\t\t\t\t\t\t<\/a>\n\t\t\t\t\t\t\t<a class=\"e-gallery-item elementor-gallery-item elementor-animated-content\" href=\"https:\/\/balcobovillas.com\/en\/wp-content\/uploads\/sites\/2\/Praia_da_vaca_perspectiva-terraza.webp\" data-elementor-open-lightbox=\"yes\" data-elementor-lightbox-slideshow=\"8205f1d\" data-elementor-lightbox-title=\"Caba\u00f1a Praia da Vaca terraza\" data-e-action-hash=\"#elementor-action%3Aaction%3Dlightbox%26settings%3DeyJpZCI6NTQ2LCJ1cmwiOiJodHRwczpcL1wvYmFsY29ib3ZpbGxhcy5jb21cL2VuXC93cC1jb250ZW50XC91cGxvYWRzXC9zaXRlc1wvMlwvUHJhaWFfZGFfdmFjYV9wZXJzcGVjdGl2YS10ZXJyYXphLndlYnAiLCJzbGlkZXNob3ciOiI4MjA1ZjFkIn0%3D\">\n\t\t\t\t\t<div class=\"e-gallery-image elementor-gallery-item__image\" data-thumbnail=\"https:\/\/balcobovillas.com\/en\/wp-content\/uploads\/sites\/2\/Praia_da_vaca_perspectiva-terraza.webp\" data-width=\"1200\" data-height=\"696\" aria-label=\"Praia da vaca perspectiva terraza\" role=\"img\" ><\/div>\n\t\t\t\t\t\t\t\t\t\t\t<div class=\"elementor-gallery-item__overlay\"><\/div>\n\t\t\t\t\t\t\t\t\t\t\t\t\t\t<\/a>\n\t\t\t\t\t\t\t<a class=\"e-gallery-item elementor-gallery-item elementor-animated-content\" href=\"https:\/\/balcobovillas.com\/en\/wp-content\/uploads\/sites\/2\/Praia_da_vaca_terraza.webp\" data-elementor-open-lightbox=\"yes\" data-elementor-lightbox-slideshow=\"8205f1d\" data-elementor-lightbox-title=\"Caba\u00f1a Praia da Vaca terraza\" data-e-action-hash=\"#elementor-action%3Aaction%3Dlightbox%26settings%3DeyJpZCI6NTQ4LCJ1cmwiOiJodHRwczpcL1wvYmFsY29ib3ZpbGxhcy5jb21cL2VuXC93cC1jb250ZW50XC91cGxvYWRzXC9zaXRlc1wvMlwvUHJhaWFfZGFfdmFjYV90ZXJyYXphLndlYnAiLCJzbGlkZXNob3ciOiI4MjA1ZjFkIn0%3D\">\n\t\t\t\t\t<div class=\"e-gallery-image elementor-gallery-item__image\" data-thumbnail=\"https:\/\/balcobovillas.com\/en\/wp-content\/uploads\/sites\/2\/Praia_da_vaca_terraza.webp\" data-width=\"1200\" data-height=\"800\" aria-label=\"Praia da vaca terraza\" role=\"img\" ><\/div>\n\t\t\t\t\t\t\t\t\t\t\t<div class=\"elementor-gallery-item__overlay\"><\/div>\n\t\t\t\t\t\t\t\t\t\t\t\t\t\t<\/a>\n\t\t\t\t\t\t\t<a class=\"e-gallery-item elementor-gallery-item elementor-animated-content\" href=\"https:\/\/balcobovillas.com\/en\/wp-content\/uploads\/sites\/2\/Praia_da_vaca_terraza-izq.webp\" data-elementor-open-lightbox=\"yes\" data-elementor-lightbox-slideshow=\"8205f1d\" data-elementor-lightbox-title=\"Caba\u00f1a Praia da Vaca terraza\" data-e-action-hash=\"#elementor-action%3Aaction%3Dlightbox%26settings%3DeyJpZCI6NTY3LCJ1cmwiOiJodHRwczpcL1wvYmFsY29ib3ZpbGxhcy5jb21cL2VuXC93cC1jb250ZW50XC91cGxvYWRzXC9zaXRlc1wvMlwvUHJhaWFfZGFfdmFjYV90ZXJyYXphLWl6cS53ZWJwIiwic2xpZGVzaG93IjoiODIwNWYxZCJ9\">\n\t\t\t\t\t<div class=\"e-gallery-image elementor-gallery-item__image\" data-thumbnail=\"https:\/\/balcobovillas.com\/en\/wp-content\/uploads\/sites\/2\/Praia_da_vaca_terraza-izq.webp\" data-width=\"1200\" data-height=\"800\" aria-label=\"Praia da vaca terraza izq\" role=\"img\" ><\/div>\n\t\t\t\t\t\t\t\t\t\t\t<div class=\"elementor-gallery-item__overlay\"><\/div>\n\t\t\t\t\t\t\t\t\t\t\t\t\t\t<\/a>\n\t\t\t\t\t\t\t<a class=\"e-gallery-item elementor-gallery-item elementor-animated-content\" href=\"https:\/\/balcobovillas.com\/en\/wp-content\/uploads\/sites\/2\/Praia_da_vaca_sala-cocina.webp\" data-elementor-open-lightbox=\"yes\" data-elementor-lightbox-slideshow=\"8205f1d\" data-elementor-lightbox-title=\"Caba\u00f1a Praia da Vaca sala y cocina\" data-e-action-hash=\"#elementor-action%3Aaction%3Dlightbox%26settings%3DeyJpZCI6NTY4LCJ1cmwiOiJodHRwczpcL1wvYmFsY29ib3ZpbGxhcy5jb21cL2VuXC93cC1jb250ZW50XC91cGxvYWRzXC9zaXRlc1wvMlwvUHJhaWFfZGFfdmFjYV9zYWxhLWNvY2luYS53ZWJwIiwic2xpZGVzaG93IjoiODIwNWYxZCJ9\">\n\t\t\t\t\t<div class=\"e-gallery-image elementor-gallery-item__image\" data-thumbnail=\"https:\/\/balcobovillas.com\/en\/wp-content\/uploads\/sites\/2\/Praia_da_vaca_sala-cocina.webp\" data-width=\"1200\" data-height=\"800\" aria-label=\"Praia da vaca sala cocina\" role=\"img\" ><\/div>\n\t\t\t\t\t\t\t\t\t\t\t<div class=\"elementor-gallery-item__overlay\"><\/div>\n\t\t\t\t\t\t\t\t\t\t\t\t\t\t<\/a>\n\t\t\t\t\t<\/div>\n\t\t\t\t\t<\/div>\n\t\t\t\t<\/div>\n\t\t\t\t<\/div>\n\t\t<div class=\"elementor-element elementor-element-1569eba e-con-full e-flex e-con e-child\" data-id=\"1569eba\" data-element_type=\"container\" data-e-type=\"container\">\n\t\t\t\t<div class=\"elementor-element elementor-element-fb18f65 elementor-widget__width-initial animated-slow elementor-invisible elementor-widget elementor-widget-text-editor\" data-id=\"fb18f65\" data-element_type=\"widget\" data-e-type=\"widget\" data-settings=\"{&quot;_animation&quot;:&quot;slideInUp&quot;,&quot;_animation_delay&quot;:100}\" data-widget_type=\"text-editor.default\">\n\t\t\t\t<div class=\"elementor-widget-container\">\n\t\t\t\t\t\t\t\t\t<p>V<\/p>\t\t\t\t\t\t\t\t<\/div>\n\t\t\t\t<\/div>\n\t\t\t\t<div class=\"elementor-element elementor-element-b1988ab elementor-widget elementor-widget-text-editor\" data-id=\"b1988ab\" data-element_type=\"widget\" data-e-type=\"widget\" data-widget_type=\"text-editor.default\">\n\t\t\t\t<div class=\"elementor-widget-container\">\n\t\t\t\t\t\t\t\t\t<p>PRAIA DA VACA<\/p>\t\t\t\t\t\t\t\t<\/div>\n\t\t\t\t<\/div>\n\t\t\t\t<div class=\"elementor-element elementor-element-46ec054 elementor-icon-list--layout-inline elementor-list-item-link-full_width elementor-widget elementor-widget-icon-list\" data-id=\"46ec054\" data-element_type=\"widget\" data-e-type=\"widget\" data-widget_type=\"icon-list.default\">\n\t\t\t\t<div class=\"elementor-widget-container\">\n\t\t\t\t\t\t\t<ul class=\"elementor-icon-list-items elementor-inline-items\">\n\t\t\t\t\t\t\t<li class=\"elementor-icon-list-item elementor-inline-item\">\n\t\t\t\t\t\t\t\t\t\t\t<span class=\"elementor-icon-list-icon\">\n\t\t\t\t\t\t\t<i aria-hidden=\"true\" class=\"fas fa-user-alt\"><\/i>\t\t\t\t\t\t<\/span>\n\t\t\t\t\t\t\t\t\t\t<span class=\"elementor-icon-list-text\">4 pax<\/span>\n\t\t\t\t\t\t\t\t\t<\/li>\n\t\t\t\t\t\t\t\t<li class=\"elementor-icon-list-item elementor-inline-item\">\n\t\t\t\t\t\t\t\t\t\t\t<span class=\"elementor-icon-list-icon\">\n\t\t\t\t\t\t\t<svg xmlns=\"http:\/\/www.w3.org\/2000\/svg\" viewBox=\"0 0 625 500\"><g id=\"Capa_2\" data-name=\"Capa 2\"><g id=\"Capa_1-2\" data-name=\"Capa 1\"><path d=\"M62.5,0A37.58,37.58,0,0,0,25,37.5V210.16c16.21-14.07,36.72-25.44,62.5-34.38V125c0-33.25,56.79-37.5,106.25-37.5S300,91.75,300,125v25c4.2-.05,8.2,0,12.5,0s8.3-.05,12.5,0V125c0-33.25,56.79-37.5,106.25-37.5S537.5,91.75,537.5,125v50.39c25.73,8.89,46.14,20.51,62.5,34.77V37.5A37.58,37.58,0,0,0,562.5,0Zm250,175C73.83,175-.19,219.14,0,337.5H625C625.2,218.36,551.17,175,312.5,175ZM0,362.5V487.26A12.74,12.74,0,0,0,12.74,500h62A12.74,12.74,0,0,0,87.5,487.26V450a25,25,0,0,1,25-25h400a25,25,0,0,1,25,25v37.26A12.74,12.74,0,0,0,550.24,500h62A12.74,12.74,0,0,0,625,487.26V362.5Z\"><\/path><\/g><\/g><\/svg>\t\t\t\t\t\t<\/span>\n\t\t\t\t\t\t\t\t\t\t<span class=\"elementor-icon-list-text\">1 double bed<\/span>\n\t\t\t\t\t\t\t\t\t<\/li>\n\t\t\t\t\t\t\t\t<li class=\"elementor-icon-list-item elementor-inline-item\">\n\t\t\t\t\t\t\t\t\t\t\t<span class=\"elementor-icon-list-icon\">\n\t\t\t\t\t\t\t<i aria-hidden=\"true\" class=\"fas fa-couch\"><\/i>\t\t\t\t\t\t<\/span>\n\t\t\t\t\t\t\t\t\t\t<span class=\"elementor-icon-list-text\">1 Sofa bed<\/span>\n\t\t\t\t\t\t\t\t\t<\/li>\n\t\t\t\t\t\t\t\t<li class=\"elementor-icon-list-item elementor-inline-item\">\n\t\t\t\t\t\t\t\t\t\t\t<span class=\"elementor-icon-list-icon\">\n\t\t\t\t\t\t\t<svg xmlns=\"http:\/\/www.w3.org\/2000\/svg\" viewBox=\"0 0 356.62 500\"><g id=\"Capa_2\" data-name=\"Capa 2\"><g id=\"Capa_1-2\" data-name=\"Capa 1\"><path d=\"M0,500H227.94V437.5c58.83-7.35,128.68-99.26,128.68-158.08H0Z\"><\/path><path d=\"M16.74,0h91.52A16.74,16.74,0,0,1,125,16.74V261H0V16.74A16.75,16.75,0,0,1,16.74,0Z\"><\/path><path d=\"M332.46,216.91H145.83V261H356.62v-20A24.16,24.16,0,0,0,332.46,216.91Z\"><\/path><\/g><\/g><\/svg>\t\t\t\t\t\t<\/span>\n\t\t\t\t\t\t\t\t\t\t<span class=\"elementor-icon-list-text\">1 Bath<\/span>\n\t\t\t\t\t\t\t\t\t<\/li>\n\t\t\t\t\t\t<\/ul>\n\t\t\t\t\t\t<\/div>\n\t\t\t\t<\/div>\n\t\t\t\t<div class=\"elementor-element elementor-element-0e35ee8 elementor-widget__width-initial elementor-widget elementor-widget-text-editor\" data-id=\"0e35ee8\" data-element_type=\"widget\" data-e-type=\"widget\" data-widget_type=\"text-editor.default\">\n\t\t\t\t<div class=\"elementor-widget-container\">\n\t\t\t\t\t\t\t\t\t<p>One of our most charming suite cottages, this cottage is the ideal destination for an unforgettable getaway. At Praia da Vaca, each day begins with the gentle melody of the waves and ends with dazzling sunsets overlooking your private terrace. This is the perfect place to unwind from the hustle and bustle of everyday life and immerse yourself in the tranquillity of the natural surroundings. It offers a serene and sophisticated retreat in the midst of coastal splendour. With a built area of 38 m\u00b2 and a plot of 90 m\u00b2, this cottage provides a cosy and elegant space for your guests.<\/p>\t\t\t\t\t\t\t\t<\/div>\n\t\t\t\t<\/div>\n\t\t\t\t<div class=\"elementor-element elementor-element-7039e99 elementor-widget elementor-widget-button\" data-id=\"7039e99\" data-element_type=\"widget\" data-e-type=\"widget\" data-widget_type=\"button.default\">\n\t\t\t\t<div class=\"elementor-widget-container\">\n\t\t\t\t\t\t\t\t\t<div class=\"elementor-button-wrapper\">\n\t\t\t\t\t<a class=\"elementor-button elementor-button-link elementor-size-sm\" href=\"https:\/\/booking.avirato.com\/?code=98925365&#038;id_habitacion=9&#038;lang=en\" target=\"_blank\">\n\t\t\t\t\t\t<span class=\"elementor-button-content-wrapper\">\n\t\t\t\t\t\t\t\t\t<span class=\"elementor-button-text\">See availability<\/span>\n\t\t\t\t\t<\/span>\n\t\t\t\t\t<\/a>\n\t\t\t\t<\/div>\n\t\t\t\t\t\t\t\t<\/div>\n\t\t\t\t<\/div>\n\t\t\t\t<\/div>\n\t\t\t\t\t<\/div>\n\t\t\t\t<\/div>\n\t\t<div class=\"elementor-element elementor-element-6e8376d e-flex e-con-boxed e-con e-parent\" data-id=\"6e8376d\" data-element_type=\"container\" data-e-type=\"container\">\n\t\t\t\t\t<div class=\"e-con-inner\">\n\t\t\t\t<div class=\"elementor-element elementor-element-b539892 elementor-widget elementor-widget-heading\" data-id=\"b539892\" data-element_type=\"widget\" data-e-type=\"widget\" data-widget_type=\"heading.default\">\n\t\t\t\t<div class=\"elementor-widget-container\">\n\t\t\t\t\t<h2 class=\"elementor-heading-title elementor-size-default\">Family Cabins<\/h2>\t\t\t\t<\/div>\n\t\t\t\t<\/div>\n\t\t\t\t<div class=\"elementor-element elementor-element-be99a4c elementor-widget-divider--view-line elementor-widget elementor-widget-divider\" data-id=\"be99a4c\" data-element_type=\"widget\" data-e-type=\"widget\" data-widget_type=\"divider.default\">\n\t\t\t\t<div class=\"elementor-widget-container\">\n\t\t\t\t\t\t\t<div class=\"elementor-divider\">\n\t\t\t<span class=\"elementor-divider-separator\">\n\t\t\t\t\t\t<\/span>\n\t\t<\/div>\n\t\t\t\t\t\t<\/div>\n\t\t\t\t<\/div>\n\t\t\t\t<div class=\"elementor-element elementor-element-0cb37fd elementor-widget elementor-widget-text-editor\" data-id=\"0cb37fd\" data-element_type=\"widget\" data-e-type=\"widget\" data-widget_type=\"text-editor.default\">\n\t\t\t\t<div class=\"elementor-widget-container\">\n\t\t\t\t\t\t\t\t\t<p>The two family cabins can be rented together as they have the possibility of communicating with each other for greater capacity. With the joint rental of these two family cabins we can accommodate a family of up to 10 members.<\/p>\t\t\t\t\t\t\t\t<\/div>\n\t\t\t\t<\/div>\n\t\t\t\t\t<\/div>\n\t\t\t\t<\/div>\n\t\t<div class=\"elementor-element elementor-element-c169d4d e-flex e-con-boxed e-con e-parent\" data-id=\"c169d4d\" data-element_type=\"container\" data-e-type=\"container\" id=\"cabreira\">\n\t\t\t\t\t<div class=\"e-con-inner\">\n\t\t<div class=\"elementor-element elementor-element-c2c7a55 e-con-full e-flex e-con e-child\" data-id=\"c2c7a55\" data-element_type=\"container\" data-e-type=\"container\">\n\t\t\t\t<div class=\"elementor-element elementor-element-8e5ac51 elementor-widget__width-initial animated-slow elementor-invisible elementor-widget elementor-widget-text-editor\" data-id=\"8e5ac51\" data-element_type=\"widget\" data-e-type=\"widget\" data-settings=\"{&quot;_animation&quot;:&quot;slideInUp&quot;,&quot;_animation_delay&quot;:100}\" data-widget_type=\"text-editor.default\">\n\t\t\t\t<div class=\"elementor-widget-container\">\n\t\t\t\t\t\t\t\t\t<p>C<\/p>\t\t\t\t\t\t\t\t<\/div>\n\t\t\t\t<\/div>\n\t\t\t\t<div class=\"elementor-element elementor-element-4441e41 elementor-widget elementor-widget-text-editor\" data-id=\"4441e41\" data-element_type=\"widget\" data-e-type=\"widget\" data-widget_type=\"text-editor.default\">\n\t\t\t\t<div class=\"elementor-widget-container\">\n\t\t\t\t\t\t\t\t\t<p>A CABREIRA<\/p>\t\t\t\t\t\t\t\t<\/div>\n\t\t\t\t<\/div>\n\t\t\t\t<div class=\"elementor-element elementor-element-48529a7 elementor-icon-list--layout-inline elementor-tablet-align-end elementor-list-item-link-full_width elementor-widget elementor-widget-icon-list\" data-id=\"48529a7\" data-element_type=\"widget\" data-e-type=\"widget\" data-widget_type=\"icon-list.default\">\n\t\t\t\t<div class=\"elementor-widget-container\">\n\t\t\t\t\t\t\t<ul class=\"elementor-icon-list-items elementor-inline-items\">\n\t\t\t\t\t\t\t<li class=\"elementor-icon-list-item elementor-inline-item\">\n\t\t\t\t\t\t\t\t\t\t\t<span class=\"elementor-icon-list-icon\">\n\t\t\t\t\t\t\t<i aria-hidden=\"true\" class=\"fas fa-user-alt\"><\/i>\t\t\t\t\t\t<\/span>\n\t\t\t\t\t\t\t\t\t\t<span class=\"elementor-icon-list-text\">6 pax<\/span>\n\t\t\t\t\t\t\t\t\t<\/li>\n\t\t\t\t\t\t\t\t<li class=\"elementor-icon-list-item elementor-inline-item\">\n\t\t\t\t\t\t\t\t\t\t\t<span class=\"elementor-icon-list-icon\">\n\t\t\t\t\t\t\t<svg xmlns=\"http:\/\/www.w3.org\/2000\/svg\" viewBox=\"0 0 625 500\"><g id=\"Capa_2\" data-name=\"Capa 2\"><g id=\"Capa_1-2\" data-name=\"Capa 1\"><path d=\"M62.5,0A37.58,37.58,0,0,0,25,37.5V210.16c16.21-14.07,36.72-25.44,62.5-34.38V125c0-33.25,56.79-37.5,106.25-37.5S300,91.75,300,125v25c4.2-.05,8.2,0,12.5,0s8.3-.05,12.5,0V125c0-33.25,56.79-37.5,106.25-37.5S537.5,91.75,537.5,125v50.39c25.73,8.89,46.14,20.51,62.5,34.77V37.5A37.58,37.58,0,0,0,562.5,0Zm250,175C73.83,175-.19,219.14,0,337.5H625C625.2,218.36,551.17,175,312.5,175ZM0,362.5V487.26A12.74,12.74,0,0,0,12.74,500h62A12.74,12.74,0,0,0,87.5,487.26V450a25,25,0,0,1,25-25h400a25,25,0,0,1,25,25v37.26A12.74,12.74,0,0,0,550.24,500h62A12.74,12.74,0,0,0,625,487.26V362.5Z\"><\/path><\/g><\/g><\/svg>\t\t\t\t\t\t<\/span>\n\t\t\t\t\t\t\t\t\t\t<span class=\"elementor-icon-list-text\">1 double bed<\/span>\n\t\t\t\t\t\t\t\t\t<\/li>\n\t\t\t\t\t\t\t\t<li class=\"elementor-icon-list-item elementor-inline-item\">\n\t\t\t\t\t\t\t\t\t\t\t<span class=\"elementor-icon-list-icon\">\n\t\t\t\t\t\t\t<svg xmlns=\"http:\/\/www.w3.org\/2000\/svg\" viewBox=\"0 0 461.11 500\"><g id=\"Capa_2\" data-name=\"Capa 2\"><g id=\"Capa_1-2\" data-name=\"Capa 1\"><path d=\"M62.53,0A37.57,37.57,0,0,0,25,37.5V190.62c14-15.54,35.22-22.46,62.5-28.12V125c0-33.25,56.78-37.5,106.25-37.5h73.44c49.46,0,106.25,4.25,106.25,37.5v37.11c27.54,5.64,44.25,14.61,62.5,28.51V37.5A37.58,37.58,0,0,0,398.47,0ZM234.4,175C-4.27,175-.17,219.14,0,337.5H461C461.16,218.36,473.07,175,234.4,175ZM0,362.5V487.26A12.74,12.74,0,0,0,12.77,500h62a12.74,12.74,0,0,0,12.74-12.74V450a25,25,0,0,1,25-25H348.47a25,25,0,0,1,25,25v37.26A12.74,12.74,0,0,0,386.21,500h62A12.74,12.74,0,0,0,461,487.26V362.5Z\"><\/path><\/g><\/g><\/svg>\t\t\t\t\t\t<\/span>\n\t\t\t\t\t\t\t\t\t\t<span class=\"elementor-icon-list-text\">2 individual<\/span>\n\t\t\t\t\t\t\t\t\t<\/li>\n\t\t\t\t\t\t\t\t<li class=\"elementor-icon-list-item elementor-inline-item\">\n\t\t\t\t\t\t\t\t\t\t\t<span class=\"elementor-icon-list-icon\">\n\t\t\t\t\t\t\t<i aria-hidden=\"true\" class=\"fas fa-couch\"><\/i>\t\t\t\t\t\t<\/span>\n\t\t\t\t\t\t\t\t\t\t<span class=\"elementor-icon-list-text\">1 Sofa bed<\/span>\n\t\t\t\t\t\t\t\t\t<\/li>\n\t\t\t\t\t\t\t\t<li class=\"elementor-icon-list-item elementor-inline-item\">\n\t\t\t\t\t\t\t\t\t\t\t<span class=\"elementor-icon-list-icon\">\n\t\t\t\t\t\t\t<svg xmlns=\"http:\/\/www.w3.org\/2000\/svg\" viewBox=\"0 0 356.62 500\"><g id=\"Capa_2\" data-name=\"Capa 2\"><g id=\"Capa_1-2\" data-name=\"Capa 1\"><path d=\"M0,500H227.94V437.5c58.83-7.35,128.68-99.26,128.68-158.08H0Z\"><\/path><path d=\"M16.74,0h91.52A16.74,16.74,0,0,1,125,16.74V261H0V16.74A16.75,16.75,0,0,1,16.74,0Z\"><\/path><path d=\"M332.46,216.91H145.83V261H356.62v-20A24.16,24.16,0,0,0,332.46,216.91Z\"><\/path><\/g><\/g><\/svg>\t\t\t\t\t\t<\/span>\n\t\t\t\t\t\t\t\t\t\t<span class=\"elementor-icon-list-text\">1 Bath<\/span>\n\t\t\t\t\t\t\t\t\t<\/li>\n\t\t\t\t\t\t<\/ul>\n\t\t\t\t\t\t<\/div>\n\t\t\t\t<\/div>\n\t\t\t\t<div class=\"elementor-element elementor-element-fe216a6 elementor-widget__width-initial elementor-widget elementor-widget-text-editor\" data-id=\"fe216a6\" data-element_type=\"widget\" data-e-type=\"widget\" data-widget_type=\"text-editor.default\">\n\t\t\t\t<div class=\"elementor-widget-container\">\n\t\t\t\t\t\t\t\t\t<p>The A Cabreira cottage offers a comfortable and modern experience, ideal for groups and families looking for a seaside retreat. With 52 m\u00b2 of interior space and a plot of 200 m\u00b2, it features an open-plan living room, fully equipped kitchen, comfortable bedrooms and a modern bathroom. Its private terrace allows you to enjoy the natural surroundings and the sea breeze, providing the perfect place to relax and disconnect from the routine on the Atlantic coast.<\/p>\t\t\t\t\t\t\t\t<\/div>\n\t\t\t\t<\/div>\n\t\t\t\t<div class=\"elementor-element elementor-element-4294aff elementor-widget elementor-widget-button\" data-id=\"4294aff\" data-element_type=\"widget\" data-e-type=\"widget\" data-widget_type=\"button.default\">\n\t\t\t\t<div class=\"elementor-widget-container\">\n\t\t\t\t\t\t\t\t\t<div class=\"elementor-button-wrapper\">\n\t\t\t\t\t<a class=\"elementor-button elementor-button-link elementor-size-sm\" href=\"https:\/\/booking.avirato.com\/?code=98925365&#038;id_habitacion=6&#038;lanf=en\" target=\"_blank\">\n\t\t\t\t\t\t<span class=\"elementor-button-content-wrapper\">\n\t\t\t\t\t\t\t\t\t<span class=\"elementor-button-text\">See availability<\/span>\n\t\t\t\t\t<\/span>\n\t\t\t\t\t<\/a>\n\t\t\t\t<\/div>\n\t\t\t\t\t\t\t\t<\/div>\n\t\t\t\t<\/div>\n\t\t\t\t<\/div>\n\t\t<div class=\"elementor-element elementor-element-a874e82 e-con-full e-flex e-con e-child\" data-id=\"a874e82\" data-element_type=\"container\" data-e-type=\"container\" data-settings=\"{&quot;background_background&quot;:&quot;classic&quot;}\">\n\t\t\t\t<div class=\"elementor-element elementor-element-da5ac06 elementor-widget elementor-widget-image\" data-id=\"da5ac06\" data-element_type=\"widget\" data-e-type=\"widget\" data-widget_type=\"image.default\">\n\t\t\t\t<div class=\"elementor-widget-container\">\n\t\t\t\t\t\t\t\t\t\t\t\t\t\t\t<img decoding=\"async\" width=\"1200\" height=\"777\" src=\"https:\/\/balcobovillas.com\/en\/wp-content\/uploads\/sites\/2\/A_Cabreira_salon-vista.webp\" class=\"attachment-large size-large wp-image-541\" alt=\"A Cabreira salon vista\" srcset=\"https:\/\/balcobovillas.com\/en\/wp-content\/uploads\/sites\/2\/A_Cabreira_salon-vista.webp 1200w, https:\/\/balcobovillas.com\/en\/wp-content\/uploads\/sites\/2\/A_Cabreira_salon-vista-768x497.webp 768w\" sizes=\"(max-width: 1200px) 100vw, 1200px\" \/>\t\t\t\t\t\t\t\t\t\t\t\t\t\t\t<\/div>\n\t\t\t\t<\/div>\n\t\t\t\t<div class=\"elementor-element elementor-element-611b922 elementor-widget elementor-widget-gallery\" data-id=\"611b922\" data-element_type=\"widget\" data-e-type=\"widget\" data-settings=\"{&quot;columns_mobile&quot;:2,&quot;lazyload&quot;:&quot;yes&quot;,&quot;gallery_layout&quot;:&quot;grid&quot;,&quot;columns&quot;:4,&quot;columns_tablet&quot;:2,&quot;gap&quot;:{&quot;unit&quot;:&quot;px&quot;,&quot;size&quot;:10,&quot;sizes&quot;:[]},&quot;gap_laptop&quot;:{&quot;unit&quot;:&quot;px&quot;,&quot;size&quot;:10,&quot;sizes&quot;:[]},&quot;gap_tablet&quot;:{&quot;unit&quot;:&quot;px&quot;,&quot;size&quot;:10,&quot;sizes&quot;:[]},&quot;gap_mobile&quot;:{&quot;unit&quot;:&quot;px&quot;,&quot;size&quot;:10,&quot;sizes&quot;:[]},&quot;link_to&quot;:&quot;file&quot;,&quot;aspect_ratio&quot;:&quot;3:2&quot;,&quot;overlay_background&quot;:&quot;yes&quot;,&quot;content_hover_animation&quot;:&quot;fade-in&quot;}\" data-widget_type=\"gallery.default\">\n\t\t\t\t<div class=\"elementor-widget-container\">\n\t\t\t\t\t\t\t<div class=\"elementor-gallery__container\">\n\t\t\t\t\t\t\t<a class=\"e-gallery-item elementor-gallery-item elementor-animated-content\" href=\"https:\/\/balcobovillas.com\/en\/wp-content\/uploads\/sites\/2\/A-cabreira-vista-cabana.webp\" data-elementor-open-lightbox=\"yes\" data-elementor-lightbox-slideshow=\"611b922\" data-elementor-lightbox-title=\"Caba\u00f1a A Cabreira\" data-e-action-hash=\"#elementor-action%3Aaction%3Dlightbox%26settings%3DeyJpZCI6MTM3NywidXJsIjoiaHR0cHM6XC9cL2JhbGNvYm92aWxsYXMuY29tXC9lblwvd3AtY29udGVudFwvdXBsb2Fkc1wvc2l0ZXNcLzJcL0EtY2FicmVpcmEtdmlzdGEtY2FiYW5hLndlYnAiLCJzbGlkZXNob3ciOiI2MTFiOTIyIn0%3D\">\n\t\t\t\t\t<div class=\"e-gallery-image elementor-gallery-item__image\" data-thumbnail=\"https:\/\/balcobovillas.com\/en\/wp-content\/uploads\/sites\/2\/A-cabreira-vista-cabana.webp\" data-width=\"1200\" data-height=\"800\" aria-label=\"A cabreira vista caba\u00f1a\" role=\"img\" ><\/div>\n\t\t\t\t\t\t\t\t\t\t\t<div class=\"elementor-gallery-item__overlay\"><\/div>\n\t\t\t\t\t\t\t\t\t\t\t\t\t\t<\/a>\n\t\t\t\t\t\t\t<a class=\"e-gallery-item elementor-gallery-item elementor-animated-content\" href=\"https:\/\/balcobovillas.com\/en\/wp-content\/uploads\/sites\/2\/A-cabreira-comedor.webp\" data-elementor-open-lightbox=\"yes\" data-elementor-lightbox-slideshow=\"611b922\" data-elementor-lightbox-title=\"Caba\u00f1a A Cabreira comedor\" data-e-action-hash=\"#elementor-action%3Aaction%3Dlightbox%26settings%3DeyJpZCI6MTM3NSwidXJsIjoiaHR0cHM6XC9cL2JhbGNvYm92aWxsYXMuY29tXC9lblwvd3AtY29udGVudFwvdXBsb2Fkc1wvc2l0ZXNcLzJcL0EtY2FicmVpcmEtY29tZWRvci53ZWJwIiwic2xpZGVzaG93IjoiNjExYjkyMiJ9\">\n\t\t\t\t\t<div class=\"e-gallery-image elementor-gallery-item__image\" data-thumbnail=\"https:\/\/balcobovillas.com\/en\/wp-content\/uploads\/sites\/2\/A-cabreira-comedor.webp\" data-width=\"1200\" data-height=\"800\" aria-label=\"A cabreira comedor\" role=\"img\" ><\/div>\n\t\t\t\t\t\t\t\t\t\t\t<div class=\"elementor-gallery-item__overlay\"><\/div>\n\t\t\t\t\t\t\t\t\t\t\t\t\t\t<\/a>\n\t\t\t\t\t\t\t<a class=\"e-gallery-item elementor-gallery-item elementor-animated-content\" href=\"https:\/\/balcobovillas.com\/en\/wp-content\/uploads\/sites\/2\/A-cabreira-sala-y-comedor.webp\" data-elementor-open-lightbox=\"yes\" data-elementor-lightbox-slideshow=\"611b922\" data-elementor-lightbox-title=\"Caba\u00f1a A Cabreira sala y comedor\" data-e-action-hash=\"#elementor-action%3Aaction%3Dlightbox%26settings%3DeyJpZCI6MTM2NSwidXJsIjoiaHR0cHM6XC9cL2JhbGNvYm92aWxsYXMuY29tXC9lblwvd3AtY29udGVudFwvdXBsb2Fkc1wvc2l0ZXNcLzJcL0EtY2FicmVpcmEtc2FsYS15LWNvbWVkb3Iud2VicCIsInNsaWRlc2hvdyI6IjYxMWI5MjIifQ%3D%3D\">\n\t\t\t\t\t<div class=\"e-gallery-image elementor-gallery-item__image\" data-thumbnail=\"https:\/\/balcobovillas.com\/en\/wp-content\/uploads\/sites\/2\/A-cabreira-sala-y-comedor.webp\" data-width=\"1200\" data-height=\"800\" aria-label=\"A cabreira sala y comedor\" role=\"img\" ><\/div>\n\t\t\t\t\t\t\t\t\t\t\t<div class=\"elementor-gallery-item__overlay\"><\/div>\n\t\t\t\t\t\t\t\t\t\t\t\t\t\t<\/a>\n\t\t\t\t\t\t\t<a class=\"e-gallery-item elementor-gallery-item elementor-animated-content\" href=\"https:\/\/balcobovillas.com\/en\/wp-content\/uploads\/sites\/2\/A-cabreira-cocina.webp\" data-elementor-open-lightbox=\"yes\" data-elementor-lightbox-slideshow=\"611b922\" data-elementor-lightbox-title=\"Caba\u00f1a A Cabreira cocina\" data-e-action-hash=\"#elementor-action%3Aaction%3Dlightbox%26settings%3DeyJpZCI6MTM3NiwidXJsIjoiaHR0cHM6XC9cL2JhbGNvYm92aWxsYXMuY29tXC9lblwvd3AtY29udGVudFwvdXBsb2Fkc1wvc2l0ZXNcLzJcL0EtY2FicmVpcmEtY29jaW5hLndlYnAiLCJzbGlkZXNob3ciOiI2MTFiOTIyIn0%3D\">\n\t\t\t\t\t<div class=\"e-gallery-image elementor-gallery-item__image\" data-thumbnail=\"https:\/\/balcobovillas.com\/en\/wp-content\/uploads\/sites\/2\/A-cabreira-cocina.webp\" data-width=\"1200\" data-height=\"800\" aria-label=\"A cabreira cocina\" role=\"img\" ><\/div>\n\t\t\t\t\t\t\t\t\t\t\t<div class=\"elementor-gallery-item__overlay\"><\/div>\n\t\t\t\t\t\t\t\t\t\t\t\t\t\t<\/a>\n\t\t\t\t\t\t\t<a class=\"e-gallery-item elementor-gallery-item elementor-animated-content\" href=\"https:\/\/balcobovillas.com\/en\/wp-content\/uploads\/sites\/2\/A-cabreira-terraza.webp\" data-elementor-open-lightbox=\"yes\" data-elementor-lightbox-slideshow=\"611b922\" data-elementor-lightbox-title=\"Caba\u00f1a A Cabreira terraza\" data-e-action-hash=\"#elementor-action%3Aaction%3Dlightbox%26settings%3DeyJpZCI6MTM2MywidXJsIjoiaHR0cHM6XC9cL2JhbGNvYm92aWxsYXMuY29tXC9lblwvd3AtY29udGVudFwvdXBsb2Fkc1wvc2l0ZXNcLzJcL0EtY2FicmVpcmEtdGVycmF6YS53ZWJwIiwic2xpZGVzaG93IjoiNjExYjkyMiJ9\">\n\t\t\t\t\t<div class=\"e-gallery-image elementor-gallery-item__image\" data-thumbnail=\"https:\/\/balcobovillas.com\/en\/wp-content\/uploads\/sites\/2\/A-cabreira-terraza.webp\" data-width=\"1200\" data-height=\"800\" aria-label=\"A cabreira terraza\" role=\"img\" ><\/div>\n\t\t\t\t\t\t\t\t\t\t\t<div class=\"elementor-gallery-item__overlay\"><\/div>\n\t\t\t\t\t\t\t\t\t\t\t\t\t\t<\/a>\n\t\t\t\t\t\t\t<a class=\"e-gallery-item elementor-gallery-item elementor-animated-content\" href=\"https:\/\/balcobovillas.com\/en\/wp-content\/uploads\/sites\/2\/A-cabreira-habitacion2.webp\" data-elementor-open-lightbox=\"yes\" data-elementor-lightbox-slideshow=\"611b922\" data-elementor-lightbox-title=\"Caba\u00f1a A Cabreira habitaci\u00f3n\" data-e-action-hash=\"#elementor-action%3Aaction%3Dlightbox%26settings%3DeyJpZCI6MTM3MSwidXJsIjoiaHR0cHM6XC9cL2JhbGNvYm92aWxsYXMuY29tXC9lblwvd3AtY29udGVudFwvdXBsb2Fkc1wvc2l0ZXNcLzJcL0EtY2FicmVpcmEtaGFiaXRhY2lvbjIud2VicCIsInNsaWRlc2hvdyI6IjYxMWI5MjIifQ%3D%3D\">\n\t\t\t\t\t<div class=\"e-gallery-image elementor-gallery-item__image\" data-thumbnail=\"https:\/\/balcobovillas.com\/en\/wp-content\/uploads\/sites\/2\/A-cabreira-habitacion2.webp\" data-width=\"1200\" data-height=\"800\" aria-label=\"A cabreira habitacion2\" role=\"img\" ><\/div>\n\t\t\t\t\t\t\t\t\t\t\t<div class=\"elementor-gallery-item__overlay\"><\/div>\n\t\t\t\t\t\t\t\t\t\t\t\t\t\t<\/a>\n\t\t\t\t\t\t\t<a class=\"e-gallery-item elementor-gallery-item elementor-animated-content\" href=\"https:\/\/balcobovillas.com\/en\/wp-content\/uploads\/sites\/2\/A-cabreira-habitacion-con-litera.webp\" data-elementor-open-lightbox=\"yes\" data-elementor-lightbox-slideshow=\"611b922\" data-elementor-lightbox-title=\"Caba\u00f1a A Cabreira habitaci\u00f3n con litera\" data-e-action-hash=\"#elementor-action%3Aaction%3Dlightbox%26settings%3DeyJpZCI6MTM3MCwidXJsIjoiaHR0cHM6XC9cL2JhbGNvYm92aWxsYXMuY29tXC9lblwvd3AtY29udGVudFwvdXBsb2Fkc1wvc2l0ZXNcLzJcL0EtY2FicmVpcmEtaGFiaXRhY2lvbi1jb24tbGl0ZXJhLndlYnAiLCJzbGlkZXNob3ciOiI2MTFiOTIyIn0%3D\">\n\t\t\t\t\t<div class=\"e-gallery-image elementor-gallery-item__image\" data-thumbnail=\"https:\/\/balcobovillas.com\/en\/wp-content\/uploads\/sites\/2\/A-cabreira-habitacion-con-litera.webp\" data-width=\"800\" data-height=\"1200\" aria-label=\"A cabreira habitacion con litera\" role=\"img\" ><\/div>\n\t\t\t\t\t\t\t\t\t\t\t<div class=\"elementor-gallery-item__overlay\"><\/div>\n\t\t\t\t\t\t\t\t\t\t\t\t\t\t<\/a>\n\t\t\t\t\t\t\t<a class=\"e-gallery-item elementor-gallery-item elementor-animated-content\" href=\"https:\/\/balcobovillas.com\/en\/wp-content\/uploads\/sites\/2\/A-cabreira-lavabo-bano.webp\" data-elementor-open-lightbox=\"yes\" data-elementor-lightbox-slideshow=\"611b922\" data-elementor-lightbox-title=\"Caba\u00f1a A Cabreira lavabo ba\u00f1o\" data-e-action-hash=\"#elementor-action%3Aaction%3Dlightbox%26settings%3DeyJpZCI6MTM2OCwidXJsIjoiaHR0cHM6XC9cL2JhbGNvYm92aWxsYXMuY29tXC9lblwvd3AtY29udGVudFwvdXBsb2Fkc1wvc2l0ZXNcLzJcL0EtY2FicmVpcmEtbGF2YWJvLWJhbm8ud2VicCIsInNsaWRlc2hvdyI6IjYxMWI5MjIifQ%3D%3D\">\n\t\t\t\t\t<div class=\"e-gallery-image elementor-gallery-item__image\" data-thumbnail=\"https:\/\/balcobovillas.com\/en\/wp-content\/uploads\/sites\/2\/A-cabreira-lavabo-bano.webp\" data-width=\"800\" data-height=\"1200\" aria-label=\"A cabreira lavabo ba\u00f1o\" role=\"img\" ><\/div>\n\t\t\t\t\t\t\t\t\t\t\t<div class=\"elementor-gallery-item__overlay\"><\/div>\n\t\t\t\t\t\t\t\t\t\t\t\t\t\t<\/a>\n\t\t\t\t\t<\/div>\n\t\t\t\t\t<\/div>\n\t\t\t\t<\/div>\n\t\t\t\t<\/div>\n\t\t\t\t\t<\/div>\n\t\t\t\t<\/div>\n\t\t<div class=\"elementor-element elementor-element-57404cf e-flex e-con-boxed e-con e-parent\" data-id=\"57404cf\" data-element_type=\"container\" data-e-type=\"container\" id=\"vina\">\n\t\t\t\t\t<div class=\"e-con-inner\">\n\t\t<div class=\"elementor-element elementor-element-19a9700 e-con-full e-flex e-con e-child\" data-id=\"19a9700\" data-element_type=\"container\" data-e-type=\"container\" data-settings=\"{&quot;background_background&quot;:&quot;classic&quot;}\">\n\t\t\t\t<div class=\"elementor-element elementor-element-7c46ac6 elementor-widget elementor-widget-image\" data-id=\"7c46ac6\" data-element_type=\"widget\" data-e-type=\"widget\" data-widget_type=\"image.default\">\n\t\t\t\t<div class=\"elementor-widget-container\">\n\t\t\t\t\t\t\t\t\t\t\t\t\t\t\t<img loading=\"lazy\" decoding=\"async\" width=\"1900\" height=\"1267\" src=\"https:\/\/balcobovillas.com\/en\/wp-content\/uploads\/sites\/2\/A_Vina_cover-fachada_Balcobo_Villas.webp\" class=\"attachment-large size-large wp-image-377\" alt=\"A Vina cover fachada Balcobo Villas\" srcset=\"https:\/\/balcobovillas.com\/en\/wp-content\/uploads\/sites\/2\/A_Vina_cover-fachada_Balcobo_Villas.webp 1900w, https:\/\/balcobovillas.com\/en\/wp-content\/uploads\/sites\/2\/A_Vina_cover-fachada_Balcobo_Villas-768x512.webp 768w, https:\/\/balcobovillas.com\/en\/wp-content\/uploads\/sites\/2\/A_Vina_cover-fachada_Balcobo_Villas-1536x1024.webp 1536w\" sizes=\"(max-width: 1900px) 100vw, 1900px\" \/>\t\t\t\t\t\t\t\t\t\t\t\t\t\t\t<\/div>\n\t\t\t\t<\/div>\n\t\t\t\t<div class=\"elementor-element elementor-element-4c966c5 elementor-widget elementor-widget-gallery\" data-id=\"4c966c5\" data-element_type=\"widget\" data-e-type=\"widget\" data-settings=\"{&quot;columns&quot;:5,&quot;columns_mobile&quot;:2,&quot;lazyload&quot;:&quot;yes&quot;,&quot;gallery_layout&quot;:&quot;grid&quot;,&quot;columns_tablet&quot;:2,&quot;gap&quot;:{&quot;unit&quot;:&quot;px&quot;,&quot;size&quot;:10,&quot;sizes&quot;:[]},&quot;gap_laptop&quot;:{&quot;unit&quot;:&quot;px&quot;,&quot;size&quot;:10,&quot;sizes&quot;:[]},&quot;gap_tablet&quot;:{&quot;unit&quot;:&quot;px&quot;,&quot;size&quot;:10,&quot;sizes&quot;:[]},&quot;gap_mobile&quot;:{&quot;unit&quot;:&quot;px&quot;,&quot;size&quot;:10,&quot;sizes&quot;:[]},&quot;link_to&quot;:&quot;file&quot;,&quot;aspect_ratio&quot;:&quot;3:2&quot;,&quot;overlay_background&quot;:&quot;yes&quot;,&quot;content_hover_animation&quot;:&quot;fade-in&quot;}\" data-widget_type=\"gallery.default\">\n\t\t\t\t<div class=\"elementor-widget-container\">\n\t\t\t\t\t\t\t<div class=\"elementor-gallery__container\">\n\t\t\t\t\t\t\t<a class=\"e-gallery-item elementor-gallery-item elementor-animated-content\" href=\"https:\/\/balcobovillas.com\/en\/wp-content\/uploads\/sites\/2\/A_Vina_cocina_Balcobo_Villas.webp\" data-elementor-open-lightbox=\"yes\" data-elementor-lightbox-slideshow=\"4c966c5\" data-elementor-lightbox-title=\"Caba\u00f1a A Vi\u00f1a cocina\" data-e-action-hash=\"#elementor-action%3Aaction%3Dlightbox%26settings%3DeyJpZCI6NjYzLCJ1cmwiOiJodHRwczpcL1wvYmFsY29ib3ZpbGxhcy5jb21cL2VuXC93cC1jb250ZW50XC91cGxvYWRzXC9zaXRlc1wvMlwvQV9WaW5hX2NvY2luYV9CYWxjb2JvX1ZpbGxhcy53ZWJwIiwic2xpZGVzaG93IjoiNGM5NjZjNSJ9\">\n\t\t\t\t\t<div class=\"e-gallery-image elementor-gallery-item__image\" data-thumbnail=\"https:\/\/balcobovillas.com\/en\/wp-content\/uploads\/sites\/2\/A_Vina_cocina_Balcobo_Villas.webp\" data-width=\"1200\" data-height=\"800\" aria-label=\"A Vina cocina Balcobo Villas\" role=\"img\" ><\/div>\n\t\t\t\t\t\t\t\t\t\t\t<div class=\"elementor-gallery-item__overlay\"><\/div>\n\t\t\t\t\t\t\t\t\t\t\t\t\t\t<\/a>\n\t\t\t\t\t\t\t<a class=\"e-gallery-item elementor-gallery-item elementor-animated-content\" href=\"https:\/\/balcobovillas.com\/en\/wp-content\/uploads\/sites\/2\/s-A_Vina_sala_Balcobo_Villas.webp\" data-elementor-open-lightbox=\"yes\" data-elementor-lightbox-slideshow=\"4c966c5\" data-elementor-lightbox-title=\"s A Vina sala Balcobo Villas\" data-elementor-lightbox-description=\"s A Vina sala Balcobo Villas\" data-e-action-hash=\"#elementor-action%3Aaction%3Dlightbox%26settings%3DeyJpZCI6MzgyLCJ1cmwiOiJodHRwczpcL1wvYmFsY29ib3ZpbGxhcy5jb21cL2VuXC93cC1jb250ZW50XC91cGxvYWRzXC9zaXRlc1wvMlwvcy1BX1ZpbmFfc2FsYV9CYWxjb2JvX1ZpbGxhcy53ZWJwIiwic2xpZGVzaG93IjoiNGM5NjZjNSJ9\">\n\t\t\t\t\t<div class=\"e-gallery-image elementor-gallery-item__image\" data-thumbnail=\"https:\/\/balcobovillas.com\/en\/wp-content\/uploads\/sites\/2\/s-A_Vina_sala_Balcobo_Villas.webp\" data-width=\"1200\" data-height=\"800\" aria-label=\"s A Vina sala Balcobo Villas\" role=\"img\" ><\/div>\n\t\t\t\t\t\t\t\t\t\t\t<div class=\"elementor-gallery-item__overlay\"><\/div>\n\t\t\t\t\t\t\t\t\t\t\t\t\t\t<\/a>\n\t\t\t\t\t\t\t<a class=\"e-gallery-item elementor-gallery-item elementor-animated-content\" href=\"https:\/\/balcobovillas.com\/en\/wp-content\/uploads\/sites\/2\/A_Vina_salon_Balcobo_Villas.webp\" data-elementor-open-lightbox=\"yes\" data-elementor-lightbox-slideshow=\"4c966c5\" data-elementor-lightbox-title=\"A Vina salon Balcobo Villas\" data-elementor-lightbox-description=\"A Vina salon Balcobo Villas\" data-e-action-hash=\"#elementor-action%3Aaction%3Dlightbox%26settings%3DeyJpZCI6MzgwLCJ1cmwiOiJodHRwczpcL1wvYmFsY29ib3ZpbGxhcy5jb21cL2VuXC93cC1jb250ZW50XC91cGxvYWRzXC9zaXRlc1wvMlwvQV9WaW5hX3NhbG9uX0JhbGNvYm9fVmlsbGFzLndlYnAiLCJzbGlkZXNob3ciOiI0Yzk2NmM1In0%3D\">\n\t\t\t\t\t<div class=\"e-gallery-image elementor-gallery-item__image\" data-thumbnail=\"https:\/\/balcobovillas.com\/en\/wp-content\/uploads\/sites\/2\/A_Vina_salon_Balcobo_Villas.webp\" data-width=\"1200\" data-height=\"800\" aria-label=\"A Vina salon Balcobo Villas\" role=\"img\" ><\/div>\n\t\t\t\t\t\t\t\t\t\t\t<div class=\"elementor-gallery-item__overlay\"><\/div>\n\t\t\t\t\t\t\t\t\t\t\t\t\t\t<\/a>\n\t\t\t\t\t\t\t<a class=\"e-gallery-item elementor-gallery-item elementor-animated-content\" href=\"https:\/\/balcobovillas.com\/en\/wp-content\/uploads\/sites\/2\/A_Vina_sala_Balcobo_Villas.webp\" data-elementor-open-lightbox=\"yes\" data-elementor-lightbox-slideshow=\"4c966c5\" data-elementor-lightbox-title=\"A Vina sala Balcobo Villas\" data-elementor-lightbox-description=\"A Vina sala Balcobo Villas\" data-e-action-hash=\"#elementor-action%3Aaction%3Dlightbox%26settings%3DeyJpZCI6Mzc5LCJ1cmwiOiJodHRwczpcL1wvYmFsY29ib3ZpbGxhcy5jb21cL2VuXC93cC1jb250ZW50XC91cGxvYWRzXC9zaXRlc1wvMlwvQV9WaW5hX3NhbGFfQmFsY29ib19WaWxsYXMud2VicCIsInNsaWRlc2hvdyI6IjRjOTY2YzUifQ%3D%3D\">\n\t\t\t\t\t<div class=\"e-gallery-image elementor-gallery-item__image\" data-thumbnail=\"https:\/\/balcobovillas.com\/en\/wp-content\/uploads\/sites\/2\/A_Vina_sala_Balcobo_Villas.webp\" data-width=\"1900\" data-height=\"1267\" aria-label=\"A Vina sala Balcobo Villas\" role=\"img\" ><\/div>\n\t\t\t\t\t\t\t\t\t\t\t<div class=\"elementor-gallery-item__overlay\"><\/div>\n\t\t\t\t\t\t\t\t\t\t\t\t\t\t<\/a>\n\t\t\t\t\t\t\t<a class=\"e-gallery-item elementor-gallery-item elementor-animated-content\" href=\"https:\/\/balcobovillas.com\/en\/wp-content\/uploads\/sites\/2\/A_Vina_habitacion_Balcobo_Villas.webp\" data-elementor-open-lightbox=\"yes\" data-elementor-lightbox-slideshow=\"4c966c5\" data-elementor-lightbox-title=\"A Vina habitacion Balcobo Villas\" data-elementor-lightbox-description=\"A Vina habitacion Balcobo Villas\" data-e-action-hash=\"#elementor-action%3Aaction%3Dlightbox%26settings%3DeyJpZCI6Mzc4LCJ1cmwiOiJodHRwczpcL1wvYmFsY29ib3ZpbGxhcy5jb21cL2VuXC93cC1jb250ZW50XC91cGxvYWRzXC9zaXRlc1wvMlwvQV9WaW5hX2hhYml0YWNpb25fQmFsY29ib19WaWxsYXMud2VicCIsInNsaWRlc2hvdyI6IjRjOTY2YzUifQ%3D%3D\">\n\t\t\t\t\t<div class=\"e-gallery-image elementor-gallery-item__image\" data-thumbnail=\"https:\/\/balcobovillas.com\/en\/wp-content\/uploads\/sites\/2\/A_Vina_habitacion_Balcobo_Villas.webp\" data-width=\"1200\" data-height=\"800\" aria-label=\"A Vina habitacion Balcobo Villas\" role=\"img\" ><\/div>\n\t\t\t\t\t\t\t\t\t\t\t<div class=\"elementor-gallery-item__overlay\"><\/div>\n\t\t\t\t\t\t\t\t\t\t\t\t\t\t<\/a>\n\t\t\t\t\t\t\t<a class=\"e-gallery-item elementor-gallery-item elementor-animated-content\" href=\"https:\/\/balcobovillas.com\/en\/wp-content\/uploads\/sites\/2\/A_Vina_cover-closeup_Balcobo_Villas.webp\" data-elementor-open-lightbox=\"yes\" data-elementor-lightbox-slideshow=\"4c966c5\" data-elementor-lightbox-title=\"A Vina cover closeup Balcobo Villas\" data-elementor-lightbox-description=\"A Vina cover closeup Balcobo Villas\" data-e-action-hash=\"#elementor-action%3Aaction%3Dlightbox%26settings%3DeyJpZCI6Mzc2LCJ1cmwiOiJodHRwczpcL1wvYmFsY29ib3ZpbGxhcy5jb21cL2VuXC93cC1jb250ZW50XC91cGxvYWRzXC9zaXRlc1wvMlwvQV9WaW5hX2NvdmVyLWNsb3NldXBfQmFsY29ib19WaWxsYXMud2VicCIsInNsaWRlc2hvdyI6IjRjOTY2YzUifQ%3D%3D\">\n\t\t\t\t\t<div class=\"e-gallery-image elementor-gallery-item__image\" data-thumbnail=\"https:\/\/balcobovillas.com\/en\/wp-content\/uploads\/sites\/2\/A_Vina_cover-closeup_Balcobo_Villas.webp\" data-width=\"1920\" data-height=\"1280\" aria-label=\"A Vina cover closeup Balcobo Villas\" role=\"img\" ><\/div>\n\t\t\t\t\t\t\t\t\t\t\t<div class=\"elementor-gallery-item__overlay\"><\/div>\n\t\t\t\t\t\t\t\t\t\t\t\t\t\t<\/a>\n\t\t\t\t\t\t\t<a class=\"e-gallery-item elementor-gallery-item elementor-animated-content\" href=\"https:\/\/balcobovillas.com\/en\/wp-content\/uploads\/sites\/2\/A-Vina-vista-general.webp\" data-elementor-open-lightbox=\"yes\" data-elementor-lightbox-slideshow=\"4c966c5\" data-elementor-lightbox-title=\"A Vi\u00f1a vista general\" data-e-action-hash=\"#elementor-action%3Aaction%3Dlightbox%26settings%3DeyJpZCI6MTQwNywidXJsIjoiaHR0cHM6XC9cL2JhbGNvYm92aWxsYXMuY29tXC9lblwvd3AtY29udGVudFwvdXBsb2Fkc1wvc2l0ZXNcLzJcL0EtVmluYS12aXN0YS1nZW5lcmFsLndlYnAiLCJzbGlkZXNob3ciOiI0Yzk2NmM1In0%3D\">\n\t\t\t\t\t<div class=\"e-gallery-image elementor-gallery-item__image\" data-thumbnail=\"https:\/\/balcobovillas.com\/en\/wp-content\/uploads\/sites\/2\/A-Vina-vista-general.webp\" data-width=\"1200\" data-height=\"800\" aria-label=\"A Vi\u00f1a vista general\" role=\"img\" ><\/div>\n\t\t\t\t\t\t\t\t\t\t\t<div class=\"elementor-gallery-item__overlay\"><\/div>\n\t\t\t\t\t\t\t\t\t\t\t\t\t\t<\/a>\n\t\t\t\t\t\t\t<a class=\"e-gallery-item elementor-gallery-item elementor-animated-content\" href=\"https:\/\/balcobovillas.com\/en\/wp-content\/uploads\/sites\/2\/A-Vina-terraza-tumbonas.webp\" data-elementor-open-lightbox=\"yes\" data-elementor-lightbox-slideshow=\"4c966c5\" data-elementor-lightbox-title=\"A Vi\u00f1a terraza tumbonas\" data-e-action-hash=\"#elementor-action%3Aaction%3Dlightbox%26settings%3DeyJpZCI6MTQwOSwidXJsIjoiaHR0cHM6XC9cL2JhbGNvYm92aWxsYXMuY29tXC9lblwvd3AtY29udGVudFwvdXBsb2Fkc1wvc2l0ZXNcLzJcL0EtVmluYS10ZXJyYXphLXR1bWJvbmFzLndlYnAiLCJzbGlkZXNob3ciOiI0Yzk2NmM1In0%3D\">\n\t\t\t\t\t<div class=\"e-gallery-image elementor-gallery-item__image\" data-thumbnail=\"https:\/\/balcobovillas.com\/en\/wp-content\/uploads\/sites\/2\/A-Vina-terraza-tumbonas.webp\" data-width=\"1200\" data-height=\"800\" aria-label=\"A Vi\u00f1a terraza tumbonas\" role=\"img\" ><\/div>\n\t\t\t\t\t\t\t\t\t\t\t<div class=\"elementor-gallery-item__overlay\"><\/div>\n\t\t\t\t\t\t\t\t\t\t\t\t\t\t<\/a>\n\t\t\t\t\t\t\t<a class=\"e-gallery-item elementor-gallery-item elementor-animated-content\" href=\"https:\/\/balcobovillas.com\/en\/wp-content\/uploads\/sites\/2\/A-Vina-bano-ducha.webp\" data-elementor-open-lightbox=\"yes\" data-elementor-lightbox-slideshow=\"4c966c5\" data-elementor-lightbox-title=\"A Vi\u00f1a ba\u00f1o ducha\" data-e-action-hash=\"#elementor-action%3Aaction%3Dlightbox%26settings%3DeyJpZCI6MTQxNCwidXJsIjoiaHR0cHM6XC9cL2JhbGNvYm92aWxsYXMuY29tXC9lblwvd3AtY29udGVudFwvdXBsb2Fkc1wvc2l0ZXNcLzJcL0EtVmluYS1iYW5vLWR1Y2hhLndlYnAiLCJzbGlkZXNob3ciOiI0Yzk2NmM1In0%3D\">\n\t\t\t\t\t<div class=\"e-gallery-image elementor-gallery-item__image\" data-thumbnail=\"https:\/\/balcobovillas.com\/en\/wp-content\/uploads\/sites\/2\/A-Vina-bano-ducha.webp\" data-width=\"800\" data-height=\"1200\" aria-label=\"A Vi\u00f1a ba\u00f1o ducha\" role=\"img\" ><\/div>\n\t\t\t\t\t\t\t\t\t\t\t<div class=\"elementor-gallery-item__overlay\"><\/div>\n\t\t\t\t\t\t\t\t\t\t\t\t\t\t<\/a>\n\t\t\t\t\t\t\t<a class=\"e-gallery-item elementor-gallery-item elementor-animated-content\" href=\"https:\/\/balcobovillas.com\/en\/wp-content\/uploads\/sites\/2\/A-Vina-armarios.webp\" data-elementor-open-lightbox=\"yes\" data-elementor-lightbox-slideshow=\"4c966c5\" data-elementor-lightbox-title=\"A Vi\u00f1a Armarios\" data-e-action-hash=\"#elementor-action%3Aaction%3Dlightbox%26settings%3DeyJpZCI6MTQxNSwidXJsIjoiaHR0cHM6XC9cL2JhbGNvYm92aWxsYXMuY29tXC9lblwvd3AtY29udGVudFwvdXBsb2Fkc1wvc2l0ZXNcLzJcL0EtVmluYS1hcm1hcmlvcy53ZWJwIiwic2xpZGVzaG93IjoiNGM5NjZjNSJ9\">\n\t\t\t\t\t<div class=\"e-gallery-image elementor-gallery-item__image\" data-thumbnail=\"https:\/\/balcobovillas.com\/en\/wp-content\/uploads\/sites\/2\/A-Vina-armarios.webp\" data-width=\"1200\" data-height=\"800\" aria-label=\"A Vi\u00f1a armarios\" role=\"img\" ><\/div>\n\t\t\t\t\t\t\t\t\t\t\t<div class=\"elementor-gallery-item__overlay\"><\/div>\n\t\t\t\t\t\t\t\t\t\t\t\t\t\t<\/a>\n\t\t\t\t\t<\/div>\n\t\t\t\t\t<\/div>\n\t\t\t\t<\/div>\n\t\t\t\t<\/div>\n\t\t<div class=\"elementor-element elementor-element-d62eb3c e-con-full e-flex e-con e-child\" data-id=\"d62eb3c\" data-element_type=\"container\" data-e-type=\"container\">\n\t\t\t\t<div class=\"elementor-element elementor-element-ae5a106 elementor-widget__width-initial animated-slow elementor-invisible elementor-widget elementor-widget-text-editor\" data-id=\"ae5a106\" data-element_type=\"widget\" data-e-type=\"widget\" data-settings=\"{&quot;_animation&quot;:&quot;slideInUp&quot;,&quot;_animation_delay&quot;:100}\" data-widget_type=\"text-editor.default\">\n\t\t\t\t<div class=\"elementor-widget-container\">\n\t\t\t\t\t\t\t\t\t<p>V<\/p>\t\t\t\t\t\t\t\t<\/div>\n\t\t\t\t<\/div>\n\t\t\t\t<div class=\"elementor-element elementor-element-970199d elementor-widget elementor-widget-text-editor\" data-id=\"970199d\" data-element_type=\"widget\" data-e-type=\"widget\" data-widget_type=\"text-editor.default\">\n\t\t\t\t<div class=\"elementor-widget-container\">\n\t\t\t\t\t\t\t\t\t<p>A VI\u00d1A<\/p>\t\t\t\t\t\t\t\t<\/div>\n\t\t\t\t<\/div>\n\t\t\t\t<div class=\"elementor-element elementor-element-b9f6fdd elementor-icon-list--layout-inline elementor-list-item-link-full_width elementor-widget elementor-widget-icon-list\" data-id=\"b9f6fdd\" data-element_type=\"widget\" data-e-type=\"widget\" data-widget_type=\"icon-list.default\">\n\t\t\t\t<div class=\"elementor-widget-container\">\n\t\t\t\t\t\t\t<ul class=\"elementor-icon-list-items elementor-inline-items\">\n\t\t\t\t\t\t\t<li class=\"elementor-icon-list-item elementor-inline-item\">\n\t\t\t\t\t\t\t\t\t\t\t<span class=\"elementor-icon-list-icon\">\n\t\t\t\t\t\t\t<i aria-hidden=\"true\" class=\"fas fa-user-alt\"><\/i>\t\t\t\t\t\t<\/span>\n\t\t\t\t\t\t\t\t\t\t<span class=\"elementor-icon-list-text\">4 pax<\/span>\n\t\t\t\t\t\t\t\t\t<\/li>\n\t\t\t\t\t\t\t\t<li class=\"elementor-icon-list-item elementor-inline-item\">\n\t\t\t\t\t\t\t\t\t\t\t<span class=\"elementor-icon-list-icon\">\n\t\t\t\t\t\t\t<svg xmlns=\"http:\/\/www.w3.org\/2000\/svg\" viewBox=\"0 0 625 500\"><g id=\"Capa_2\" data-name=\"Capa 2\"><g id=\"Capa_1-2\" data-name=\"Capa 1\"><path d=\"M62.5,0A37.58,37.58,0,0,0,25,37.5V210.16c16.21-14.07,36.72-25.44,62.5-34.38V125c0-33.25,56.79-37.5,106.25-37.5S300,91.75,300,125v25c4.2-.05,8.2,0,12.5,0s8.3-.05,12.5,0V125c0-33.25,56.79-37.5,106.25-37.5S537.5,91.75,537.5,125v50.39c25.73,8.89,46.14,20.51,62.5,34.77V37.5A37.58,37.58,0,0,0,562.5,0Zm250,175C73.83,175-.19,219.14,0,337.5H625C625.2,218.36,551.17,175,312.5,175ZM0,362.5V487.26A12.74,12.74,0,0,0,12.74,500h62A12.74,12.74,0,0,0,87.5,487.26V450a25,25,0,0,1,25-25h400a25,25,0,0,1,25,25v37.26A12.74,12.74,0,0,0,550.24,500h62A12.74,12.74,0,0,0,625,487.26V362.5Z\"><\/path><\/g><\/g><\/svg>\t\t\t\t\t\t<\/span>\n\t\t\t\t\t\t\t\t\t\t<span class=\"elementor-icon-list-text\">1 double bed<\/span>\n\t\t\t\t\t\t\t\t\t<\/li>\n\t\t\t\t\t\t\t\t<li class=\"elementor-icon-list-item elementor-inline-item\">\n\t\t\t\t\t\t\t\t\t\t\t<span class=\"elementor-icon-list-icon\">\n\t\t\t\t\t\t\t<i aria-hidden=\"true\" class=\"fas fa-couch\"><\/i>\t\t\t\t\t\t<\/span>\n\t\t\t\t\t\t\t\t\t\t<span class=\"elementor-icon-list-text\">1 Sofa bed<\/span>\n\t\t\t\t\t\t\t\t\t<\/li>\n\t\t\t\t\t\t\t\t<li class=\"elementor-icon-list-item elementor-inline-item\">\n\t\t\t\t\t\t\t\t\t\t\t<span class=\"elementor-icon-list-icon\">\n\t\t\t\t\t\t\t<svg xmlns=\"http:\/\/www.w3.org\/2000\/svg\" viewBox=\"0 0 356.62 500\"><g id=\"Capa_2\" data-name=\"Capa 2\"><g id=\"Capa_1-2\" data-name=\"Capa 1\"><path d=\"M0,500H227.94V437.5c58.83-7.35,128.68-99.26,128.68-158.08H0Z\"><\/path><path d=\"M16.74,0h91.52A16.74,16.74,0,0,1,125,16.74V261H0V16.74A16.75,16.75,0,0,1,16.74,0Z\"><\/path><path d=\"M332.46,216.91H145.83V261H356.62v-20A24.16,24.16,0,0,0,332.46,216.91Z\"><\/path><\/g><\/g><\/svg>\t\t\t\t\t\t<\/span>\n\t\t\t\t\t\t\t\t\t\t<span class=\"elementor-icon-list-text\">1 Bath<\/span>\n\t\t\t\t\t\t\t\t\t<\/li>\n\t\t\t\t\t\t\t\t<li class=\"elementor-icon-list-item elementor-inline-item\">\n\t\t\t\t\t\t\t\t\t\t\t<span class=\"elementor-icon-list-icon\">\n\t\t\t\t\t\t\t<i aria-hidden=\"true\" class=\"fas fa-wheelchair\"><\/i>\t\t\t\t\t\t<\/span>\n\t\t\t\t\t\t\t\t\t\t<span class=\"elementor-icon-list-text\">Adapted for the disabled<\/span>\n\t\t\t\t\t\t\t\t\t<\/li>\n\t\t\t\t\t\t<\/ul>\n\t\t\t\t\t\t<\/div>\n\t\t\t\t<\/div>\n\t\t\t\t<div class=\"elementor-element elementor-element-a598ad3 elementor-widget__width-initial elementor-widget elementor-widget-text-editor\" data-id=\"a598ad3\" data-element_type=\"widget\" data-e-type=\"widget\" data-widget_type=\"text-editor.default\">\n\t\t\t\t<div class=\"elementor-widget-container\">\n\t\t\t\t\t\t\t\t\t<p>The A Vi\u00f1a cabin, designed to be accessible and comfortable, is perfect for families and groups looking for a seaside stay on the Atlantic coast. With 51 m\u00b2 of floor space and a plot of 260 m\u00b2, it has ramps and wide spaces to facilitate mobility. It offers a comfortable bedroom, a living room with a sofa bed, an equipped kitchen and an accessible bathroom. It also has a private terrace to enjoy the outdoors and special moments.<br \/><br \/><\/p><p>\u00a0<\/p>\t\t\t\t\t\t\t\t<\/div>\n\t\t\t\t<\/div>\n\t\t\t\t<div class=\"elementor-element elementor-element-450966e elementor-widget elementor-widget-button\" data-id=\"450966e\" data-element_type=\"widget\" data-e-type=\"widget\" data-widget_type=\"button.default\">\n\t\t\t\t<div class=\"elementor-widget-container\">\n\t\t\t\t\t\t\t\t\t<div class=\"elementor-button-wrapper\">\n\t\t\t\t\t<a class=\"elementor-button elementor-button-link elementor-size-sm\" href=\"https:\/\/booking.avirato.com\/?code=98925365&#038;id_habitacion=5&#038;lang=en\" target=\"_blank\">\n\t\t\t\t\t\t<span class=\"elementor-button-content-wrapper\">\n\t\t\t\t\t\t\t\t\t<span class=\"elementor-button-text\">See availability<\/span>\n\t\t\t\t\t<\/span>\n\t\t\t\t\t<\/a>\n\t\t\t\t<\/div>\n\t\t\t\t\t\t\t\t<\/div>\n\t\t\t\t<\/div>\n\t\t\t\t<\/div>\n\t\t\t\t\t<\/div>\n\t\t\t\t<\/div>\n\t\t<div class=\"elementor-element elementor-element-b3d95fb e-grid e-con-boxed e-con e-parent\" data-id=\"b3d95fb\" data-element_type=\"container\" data-e-type=\"container\" data-settings=\"{&quot;background_background&quot;:&quot;classic&quot;}\">\n\t\t\t\t\t<div class=\"e-con-inner\">\n\t\t<div class=\"elementor-element elementor-element-1cc5549 e-con-full animated-slow e-flex elementor-invisible e-con e-child\" data-id=\"1cc5549\" data-element_type=\"container\" data-e-type=\"container\" data-settings=\"{&quot;animation&quot;:&quot;slideInLeft&quot;,&quot;background_background&quot;:&quot;classic&quot;}\">\n\t\t\t\t<div class=\"elementor-element elementor-element-d06b0d4 elementor-widget elementor-widget-text-editor\" data-id=\"d06b0d4\" data-element_type=\"widget\" data-e-type=\"widget\" data-widget_type=\"text-editor.default\">\n\t\t\t\t<div class=\"elementor-widget-container\">\n\t\t\t\t\t\t\t\t\t<p>Special welcome gift<\/p>\t\t\t\t\t\t\t\t<\/div>\n\t\t\t\t<\/div>\n\t\t\t\t<\/div>\n\t\t<div class=\"elementor-element elementor-element-b11ac52 e-con-full e-flex e-con e-child\" data-id=\"b11ac52\" data-element_type=\"container\" data-e-type=\"container\" data-settings=\"{&quot;background_background&quot;:&quot;classic&quot;}\">\n\t\t\t\t<div class=\"elementor-element elementor-element-5a929b1 elementor-widget elementor-widget-text-editor\" data-id=\"5a929b1\" data-element_type=\"widget\" data-e-type=\"widget\" data-widget_type=\"text-editor.default\">\n\t\t\t\t<div class=\"elementor-widget-container\">\n\t\t\t\t\t\t\t\t\t<p>relaxing Terraces IN ALL ACCOMMODATIONS<\/p>\t\t\t\t\t\t\t\t<\/div>\n\t\t\t\t<\/div>\n\t\t\t\t<\/div>\n\t\t<div class=\"elementor-element elementor-element-c8a6f51 e-con-full e-flex e-con e-child\" data-id=\"c8a6f51\" data-element_type=\"container\" data-e-type=\"container\" data-settings=\"{&quot;background_background&quot;:&quot;classic&quot;}\">\n\t\t\t\t<div class=\"elementor-element elementor-element-f56e7b9 elementor-widget elementor-widget-text-editor\" data-id=\"f56e7b9\" data-element_type=\"widget\" data-e-type=\"widget\" data-widget_type=\"text-editor.default\">\n\t\t\t\t<div class=\"elementor-widget-container\">\n\t\t\t\t\t\t\t\t\t<p>Accessible to Persons with Reduced Mobility in Caba\u00f1a A Vi\u00f1a<\/p>\t\t\t\t\t\t\t\t<\/div>\n\t\t\t\t<\/div>\n\t\t\t\t<\/div>\n\t\t<div class=\"elementor-element elementor-element-5c9852c e-con-full e-flex e-con e-child\" data-id=\"5c9852c\" data-element_type=\"container\" data-e-type=\"container\" data-settings=\"{&quot;background_background&quot;:&quot;classic&quot;}\">\n\t\t\t\t<div class=\"elementor-element elementor-element-d187ae0 elementor-widget elementor-widget-text-editor\" data-id=\"d187ae0\" data-element_type=\"widget\" data-e-type=\"widget\" data-widget_type=\"text-editor.default\">\n\t\t\t\t<div class=\"elementor-widget-container\">\n\t\t\t\t\t\t\t\t\t<p>WIFI, TV, TOWELS, TOILETRIES, HAIRDRYER, IRONING KIT<\/p>\t\t\t\t\t\t\t\t<\/div>\n\t\t\t\t<\/div>\n\t\t\t\t<\/div>\n\t\t<div class=\"elementor-element elementor-element-8ad5c38 e-con-full e-flex e-con e-child\" data-id=\"8ad5c38\" data-element_type=\"container\" data-e-type=\"container\" data-settings=\"{&quot;background_background&quot;:&quot;classic&quot;}\">\n\t\t\t\t<div class=\"elementor-element elementor-element-91db6d1 elementor-widget elementor-widget-text-editor\" data-id=\"91db6d1\" data-element_type=\"widget\" data-e-type=\"widget\" data-widget_type=\"text-editor.default\">\n\t\t\t\t<div class=\"elementor-widget-container\">\n\t\t\t\t\t\t\t\t\t<p>Private parking space included<\/p>\t\t\t\t\t\t\t\t<\/div>\n\t\t\t\t<\/div>\n\t\t\t\t<\/div>\n\t\t<div class=\"elementor-element elementor-element-1678697 e-con-full e-flex e-con e-child\" data-id=\"1678697\" data-element_type=\"container\" data-e-type=\"container\" data-settings=\"{&quot;background_background&quot;:&quot;classic&quot;}\">\n\t\t\t\t<div class=\"elementor-element elementor-element-5dd45bf elementor-widget elementor-widget-text-editor\" data-id=\"5dd45bf\" data-element_type=\"widget\" data-e-type=\"widget\" data-widget_type=\"text-editor.default\">\n\t\t\t\t<div class=\"elementor-widget-container\">\n\t\t\t\t\t\t\t\t\t<p>Pets are not allowed. Smoke-free area.<\/p>\t\t\t\t\t\t\t\t<\/div>\n\t\t\t\t<\/div>\n\t\t\t\t<\/div>\n\t\t<div class=\"elementor-element elementor-element-708c372 e-con-full e-flex e-con e-child\" data-id=\"708c372\" data-element_type=\"container\" data-e-type=\"container\" data-settings=\"{&quot;background_background&quot;:&quot;classic&quot;}\">\n\t\t\t\t<div class=\"elementor-element elementor-element-ffbec47 elementor-widget elementor-widget-text-editor\" data-id=\"ffbec47\" data-element_type=\"widget\" data-e-type=\"widget\" data-widget_type=\"text-editor.default\">\n\t\t\t\t<div class=\"elementor-widget-container\">\n\t\t\t\t\t\t\t\t\t<p>Suitable for<br \/>families and children<\/p>\t\t\t\t\t\t\t\t<\/div>\n\t\t\t\t<\/div>\n\t\t\t\t<\/div>\n\t\t<div class=\"elementor-element elementor-element-280e29e e-con-full e-flex e-con e-child\" data-id=\"280e29e\" data-element_type=\"container\" data-e-type=\"container\" data-settings=\"{&quot;background_background&quot;:&quot;classic&quot;}\">\n\t\t\t\t<div class=\"elementor-element elementor-element-622904e elementor-widget elementor-widget-text-editor\" data-id=\"622904e\" data-element_type=\"widget\" data-e-type=\"widget\" data-widget_type=\"text-editor.default\">\n\t\t\t\t<div class=\"elementor-widget-container\">\n\t\t\t\t\t\t\t\t\t<p>Spectacular views<br \/>to the sea and the sky<\/p>\t\t\t\t\t\t\t\t<\/div>\n\t\t\t\t<\/div>\n\t\t\t\t<\/div>\n\t\t\t\t\t<\/div>\n\t\t\t\t<\/div>\n\t\t<div class=\"elementor-element elementor-element-7b507988 e-flex e-con-boxed e-con e-parent\" data-id=\"7b507988\" data-element_type=\"container\" data-e-type=\"container\" data-settings=\"{&quot;background_background&quot;:&quot;classic&quot;}\">\n\t\t\t\t\t<div class=\"e-con-inner\">\n\t\t\t\t<div class=\"elementor-element elementor-element-1016d394 elementor-widget__width-inherit elementor-widget elementor-widget-text-editor\" data-id=\"1016d394\" data-element_type=\"widget\" data-e-type=\"widget\" data-widget_type=\"text-editor.default\">\n\t\t\t\t<div class=\"elementor-widget-container\">\n\t\t\t\t\t\t\t\t\t<p>Booking from our official website, everything is advantages<\/p>\t\t\t\t\t\t\t\t<\/div>\n\t\t\t\t<\/div>\n\t\t\t\t<div class=\"elementor-element elementor-element-b0bedf6 elementor-align-left elementor-widget elementor-widget-button\" data-id=\"b0bedf6\" data-element_type=\"widget\" data-e-type=\"widget\" data-widget_type=\"button.default\">\n\t\t\t\t<div class=\"elementor-widget-container\">\n\t\t\t\t\t\t\t\t\t<div class=\"elementor-button-wrapper\">\n\t\t\t\t\t<a class=\"elementor-button elementor-button-link elementor-size-sm elementor-animation-sink\" href=\"https:\/\/booking.avirato.com\/?code=98925365&#038;lang=en\" target=\"_blank\">\n\t\t\t\t\t\t<span class=\"elementor-button-content-wrapper\">\n\t\t\t\t\t\t\t\t\t<span class=\"elementor-button-text\">BOOK NOW<\/span>\n\t\t\t\t\t<\/span>\n\t\t\t\t\t<\/a>\n\t\t\t\t<\/div>\n\t\t\t\t\t\t\t\t<\/div>\n\t\t\t\t<\/div>\n\t\t\t\t<div class=\"elementor-element elementor-element-31b2a6d8 elementor-align-left elementor-widget elementor-widget-button\" data-id=\"31b2a6d8\" data-element_type=\"widget\" data-e-type=\"widget\" data-widget_type=\"button.default\">\n\t\t\t\t<div class=\"elementor-widget-container\">\n\t\t\t\t\t\t\t\t\t<div class=\"elementor-button-wrapper\">\n\t\t\t\t\t<a class=\"elementor-button elementor-button-link elementor-size-sm elementor-animation-sink\" href=\"tel:+34981601040\" target=\"_blank\" rel=\"nofollow\">\n\t\t\t\t\t\t<span class=\"elementor-button-content-wrapper\">\n\t\t\t\t\t\t<span class=\"elementor-button-icon\">\n\t\t\t\t<i aria-hidden=\"true\" class=\"fas fa-phone-volume\"><\/i>\t\t\t<\/span>\n\t\t\t\t\t\t\t\t\t<span class=\"elementor-button-text\">CONTACT US<\/span>\n\t\t\t\t\t<\/span>\n\t\t\t\t\t<\/a>\n\t\t\t\t<\/div>\n\t\t\t\t\t\t\t\t<\/div>\n\t\t\t\t<\/div>\n\t\t\t\t\t<\/div>\n\t\t\t\t<\/div>\n\t\t\t\t<\/div>\n\t\t","protected":false},"excerpt":{"rendered":"<p>Cabins in A Coru\u00f1a GIFT BALCOBO PROMOTIONAL CODE LONG STAY DISCOUNTS [av_calendar id=1] Our accommodation Each space has a large private terrace, fully furnished, ideal for enjoying the fresh air and peace and quiet. In addition, you will have high-speed wifi connection, a fully equipped kitchen with modern appliances, crockery, sofa bed, Smart TV and [&hellip;]<\/p>\n","protected":false},"author":1,"featured_media":0,"parent":0,"menu_order":0,"comment_status":"closed","ping_status":"closed","template":"","meta":{"footnotes":""},"class_list":["post-913","page","type-page","status-publish","hentry"],"yoast_head":"<!-- This site is optimized with the Yoast SEO plugin v27.5 - https:\/\/yoast.com\/product\/yoast-seo-wordpress\/ -->\n<title>Caba\u00f1as en A Coru\u00f1a - Balcobo Villas &amp; Caba\u00f1as<\/title>\n<meta name=\"description\" content=\"Preciosas caba\u00f1as en Arteixo, A Coru\u00f1a, frente a la playa de Valcovo dotadas con ba\u00f1o privado, cocina, terraza y decoradas exquisitamente.\" \/>\n<meta name=\"robots\" content=\"index, follow, max-snippet:-1, max-image-preview:large, max-video-preview:-1\" \/>\n<link rel=\"canonical\" href=\"https:\/\/balcobovillas.com\/en\/cabanas-en-arteixo\/\" \/>\n<meta property=\"og:locale\" content=\"es_ES\" \/>\n<meta property=\"og:type\" content=\"article\" \/>\n<meta property=\"og:title\" content=\"Caba\u00f1as en A Coru\u00f1a - Balcobo Villas &amp; Caba\u00f1as\" \/>\n<meta property=\"og:description\" content=\"Preciosas caba\u00f1as en Arteixo, A Coru\u00f1a, frente a la playa de Valcovo dotadas con ba\u00f1o privado, cocina, terraza y decoradas exquisitamente.\" \/>\n<meta property=\"og:url\" content=\"https:\/\/balcobovillas.com\/en\/cabanas-en-arteixo\/\" \/>\n<meta property=\"og:site_name\" content=\"Balcobo Villas &amp; Caba\u00f1as\" \/>\n<meta property=\"article:modified_time\" content=\"2025-01-02T13:10:12+00:00\" \/>\n<meta property=\"og:image\" content=\"https:\/\/balcobovillas.com\/en\/wp-content\/uploads\/sites\/2\/vista-interior-Praia_Da_Ucha-1.webp\" \/>\n<meta name=\"twitter:card\" content=\"summary_large_image\" \/>\n<meta name=\"twitter:label1\" content=\"Tiempo de lectura\" \/>\n\t<meta name=\"twitter:data1\" content=\"4 minutos\" \/>\n<script type=\"application\/ld+json\" class=\"yoast-schema-graph\">{\"@context\":\"https:\\\/\\\/schema.org\",\"@graph\":[{\"@type\":\"WebPage\",\"@id\":\"https:\\\/\\\/balcobovillas.com\\\/en\\\/cabanas-en-arteixo\\\/\",\"url\":\"https:\\\/\\\/balcobovillas.com\\\/en\\\/cabanas-en-arteixo\\\/\",\"name\":\"Caba\u00f1as en A Coru\u00f1a - Balcobo Villas &amp; Caba\u00f1as\",\"isPartOf\":{\"@id\":\"https:\\\/\\\/balcobovillas.com\\\/en\\\/#website\"},\"primaryImageOfPage\":{\"@id\":\"https:\\\/\\\/balcobovillas.com\\\/en\\\/cabanas-en-arteixo\\\/#primaryimage\"},\"image\":{\"@id\":\"https:\\\/\\\/balcobovillas.com\\\/en\\\/cabanas-en-arteixo\\\/#primaryimage\"},\"thumbnailUrl\":\"https:\\\/\\\/balcobovillas.com\\\/en\\\/wp-content\\\/uploads\\\/sites\\\/2\\\/vista-interior-Praia_Da_Ucha-1.webp\",\"datePublished\":\"2024-09-29T19:45:40+00:00\",\"dateModified\":\"2025-01-02T13:10:12+00:00\",\"description\":\"Preciosas caba\u00f1as en Arteixo, A Coru\u00f1a, frente a la playa de Valcovo dotadas con ba\u00f1o privado, cocina, terraza y decoradas exquisitamente.\",\"breadcrumb\":{\"@id\":\"https:\\\/\\\/balcobovillas.com\\\/en\\\/cabanas-en-arteixo\\\/#breadcrumb\"},\"inLanguage\":\"es\",\"potentialAction\":[{\"@type\":\"ReadAction\",\"target\":[\"https:\\\/\\\/balcobovillas.com\\\/en\\\/cabanas-en-arteixo\\\/\"]}]},{\"@type\":\"ImageObject\",\"inLanguage\":\"es\",\"@id\":\"https:\\\/\\\/balcobovillas.com\\\/en\\\/cabanas-en-arteixo\\\/#primaryimage\",\"url\":\"https:\\\/\\\/balcobovillas.com\\\/en\\\/wp-content\\\/uploads\\\/sites\\\/2\\\/vista-interior-Praia_Da_Ucha-1.webp\",\"contentUrl\":\"https:\\\/\\\/balcobovillas.com\\\/en\\\/wp-content\\\/uploads\\\/sites\\\/2\\\/vista-interior-Praia_Da_Ucha-1.webp\",\"width\":1200,\"height\":850,\"caption\":\"vista interior Praia Da Ucha\"},{\"@type\":\"BreadcrumbList\",\"@id\":\"https:\\\/\\\/balcobovillas.com\\\/en\\\/cabanas-en-arteixo\\\/#breadcrumb\",\"itemListElement\":[{\"@type\":\"ListItem\",\"position\":1,\"name\":\"Portada\",\"item\":\"https:\\\/\\\/balcobovillas.com\\\/en\\\/\"},{\"@type\":\"ListItem\",\"position\":2,\"name\":\"Caba\u00f1as en Arteixo\"}]},{\"@type\":\"WebSite\",\"@id\":\"https:\\\/\\\/balcobovillas.com\\\/en\\\/#website\",\"url\":\"https:\\\/\\\/balcobovillas.com\\\/en\\\/\",\"name\":\"Balcobo Villas &amp; Caba\u00f1as\",\"description\":\"Rental Villas &amp; Cabins in A Coru\u00f1a\",\"publisher\":{\"@id\":\"https:\\\/\\\/balcobovillas.com\\\/en\\\/#organization\"},\"potentialAction\":[{\"@type\":\"SearchAction\",\"target\":{\"@type\":\"EntryPoint\",\"urlTemplate\":\"https:\\\/\\\/balcobovillas.com\\\/en\\\/?s={search_term_string}\"},\"query-input\":{\"@type\":\"PropertyValueSpecification\",\"valueRequired\":true,\"valueName\":\"search_term_string\"}}],\"inLanguage\":\"es\"},{\"@type\":\"Organization\",\"@id\":\"https:\\\/\\\/balcobovillas.com\\\/en\\\/#organization\",\"name\":\"Balcobo Villas &amp; Caba\u00f1as\",\"url\":\"https:\\\/\\\/balcobovillas.com\\\/en\\\/\",\"logo\":{\"@type\":\"ImageObject\",\"inLanguage\":\"es\",\"@id\":\"https:\\\/\\\/balcobovillas.com\\\/en\\\/#\\\/schema\\\/logo\\\/image\\\/\",\"url\":\"https:\\\/\\\/balcobovillas.com\\\/en\\\/wp-content\\\/uploads\\\/sites\\\/2\\\/logo-Balcobo-villas-cabanas.webp\",\"contentUrl\":\"https:\\\/\\\/balcobovillas.com\\\/en\\\/wp-content\\\/uploads\\\/sites\\\/2\\\/logo-Balcobo-villas-cabanas.webp\",\"width\":463,\"height\":222,\"caption\":\"Balcobo Villas &amp; Caba\u00f1as\"},\"image\":{\"@id\":\"https:\\\/\\\/balcobovillas.com\\\/en\\\/#\\\/schema\\\/logo\\\/image\\\/\"}}]}<\/script>\n<!-- \/ Yoast SEO plugin. -->","yoast_head_json":{"title":"Caba\u00f1as en A Coru\u00f1a - Balcobo Villas &amp; Caba\u00f1as","description":"Preciosas caba\u00f1as en Arteixo, A Coru\u00f1a, frente a la playa de Valcovo dotadas con ba\u00f1o privado, cocina, terraza y decoradas exquisitamente.","robots":{"index":"index","follow":"follow","max-snippet":"max-snippet:-1","max-image-preview":"max-image-preview:large","max-video-preview":"max-video-preview:-1"},"canonical":"https:\/\/balcobovillas.com\/en\/cabanas-en-arteixo\/","og_locale":"es_ES","og_type":"article","og_title":"Caba\u00f1as en A Coru\u00f1a - Balcobo Villas &amp; Caba\u00f1as","og_description":"Preciosas caba\u00f1as en Arteixo, A Coru\u00f1a, frente a la playa de Valcovo dotadas con ba\u00f1o privado, cocina, terraza y decoradas exquisitamente.","og_url":"https:\/\/balcobovillas.com\/en\/cabanas-en-arteixo\/","og_site_name":"Balcobo Villas &amp; Caba\u00f1as","article_modified_time":"2025-01-02T13:10:12+00:00","og_image":[{"url":"https:\/\/balcobovillas.com\/en\/wp-content\/uploads\/sites\/2\/vista-interior-Praia_Da_Ucha-1.webp","type":"","width":"","height":""}],"twitter_card":"summary_large_image","twitter_misc":{"Tiempo de lectura":"4 minutos"},"schema":{"@context":"https:\/\/schema.org","@graph":[{"@type":"WebPage","@id":"https:\/\/balcobovillas.com\/en\/cabanas-en-arteixo\/","url":"https:\/\/balcobovillas.com\/en\/cabanas-en-arteixo\/","name":"Caba\u00f1as en A Coru\u00f1a - Balcobo Villas &amp; Caba\u00f1as","isPartOf":{"@id":"https:\/\/balcobovillas.com\/en\/#website"},"primaryImageOfPage":{"@id":"https:\/\/balcobovillas.com\/en\/cabanas-en-arteixo\/#primaryimage"},"image":{"@id":"https:\/\/balcobovillas.com\/en\/cabanas-en-arteixo\/#primaryimage"},"thumbnailUrl":"https:\/\/balcobovillas.com\/en\/wp-content\/uploads\/sites\/2\/vista-interior-Praia_Da_Ucha-1.webp","datePublished":"2024-09-29T19:45:40+00:00","dateModified":"2025-01-02T13:10:12+00:00","description":"Preciosas caba\u00f1as en Arteixo, A Coru\u00f1a, frente a la playa de Valcovo dotadas con ba\u00f1o privado, cocina, terraza y decoradas exquisitamente.","breadcrumb":{"@id":"https:\/\/balcobovillas.com\/en\/cabanas-en-arteixo\/#breadcrumb"},"inLanguage":"es","potentialAction":[{"@type":"ReadAction","target":["https:\/\/balcobovillas.com\/en\/cabanas-en-arteixo\/"]}]},{"@type":"ImageObject","inLanguage":"es","@id":"https:\/\/balcobovillas.com\/en\/cabanas-en-arteixo\/#primaryimage","url":"https:\/\/balcobovillas.com\/en\/wp-content\/uploads\/sites\/2\/vista-interior-Praia_Da_Ucha-1.webp","contentUrl":"https:\/\/balcobovillas.com\/en\/wp-content\/uploads\/sites\/2\/vista-interior-Praia_Da_Ucha-1.webp","width":1200,"height":850,"caption":"vista interior Praia Da Ucha"},{"@type":"BreadcrumbList","@id":"https:\/\/balcobovillas.com\/en\/cabanas-en-arteixo\/#breadcrumb","itemListElement":[{"@type":"ListItem","position":1,"name":"Portada","item":"https:\/\/balcobovillas.com\/en\/"},{"@type":"ListItem","position":2,"name":"Caba\u00f1as en Arteixo"}]},{"@type":"WebSite","@id":"https:\/\/balcobovillas.com\/en\/#website","url":"https:\/\/balcobovillas.com\/en\/","name":"Balcobo Villas &amp; Caba\u00f1as","description":"Rental Villas &amp; Cabins in A Coru\u00f1a","publisher":{"@id":"https:\/\/balcobovillas.com\/en\/#organization"},"potentialAction":[{"@type":"SearchAction","target":{"@type":"EntryPoint","urlTemplate":"https:\/\/balcobovillas.com\/en\/?s={search_term_string}"},"query-input":{"@type":"PropertyValueSpecification","valueRequired":true,"valueName":"search_term_string"}}],"inLanguage":"es"},{"@type":"Organization","@id":"https:\/\/balcobovillas.com\/en\/#organization","name":"Balcobo Villas &amp; Caba\u00f1as","url":"https:\/\/balcobovillas.com\/en\/","logo":{"@type":"ImageObject","inLanguage":"es","@id":"https:\/\/balcobovillas.com\/en\/#\/schema\/logo\/image\/","url":"https:\/\/balcobovillas.com\/en\/wp-content\/uploads\/sites\/2\/logo-Balcobo-villas-cabanas.webp","contentUrl":"https:\/\/balcobovillas.com\/en\/wp-content\/uploads\/sites\/2\/logo-Balcobo-villas-cabanas.webp","width":463,"height":222,"caption":"Balcobo Villas &amp; Caba\u00f1as"},"image":{"@id":"https:\/\/balcobovillas.com\/en\/#\/schema\/logo\/image\/"}}]}},"_links":{"self":[{"href":"https:\/\/balcobovillas.com\/en\/wp-json\/wp\/v2\/pages\/913","targetHints":{"allow":["GET"]}}],"collection":[{"href":"https:\/\/balcobovillas.com\/en\/wp-json\/wp\/v2\/pages"}],"about":[{"href":"https:\/\/balcobovillas.com\/en\/wp-json\/wp\/v2\/types\/page"}],"author":[{"embeddable":true,"href":"https:\/\/balcobovillas.com\/en\/wp-json\/wp\/v2\/users\/1"}],"replies":[{"embeddable":true,"href":"https:\/\/balcobovillas.com\/en\/wp-json\/wp\/v2\/comments?post=913"}],"version-history":[{"count":3,"href":"https:\/\/balcobovillas.com\/en\/wp-json\/wp\/v2\/pages\/913\/revisions"}],"predecessor-version":[{"id":2316,"href":"https:\/\/balcobovillas.com\/en\/wp-json\/wp\/v2\/pages\/913\/revisions\/2316"}],"wp:attachment":[{"href":"https:\/\/balcobovillas.com\/en\/wp-json\/wp\/v2\/media?parent=913"}],"curies":[{"name":"wp","href":"https:\/\/api.w.org\/{rel}","templated":true}]}}